{"id":616,"date":"2024-06-06T13:31:08","date_gmt":"2024-06-06T13:31:08","guid":{"rendered":"https:\/\/schoolsforsense.eu\/?page_id=616"},"modified":"2025-01-17T16:56:25","modified_gmt":"2025-01-17T16:56:25","slug":"finding-help-support","status":"publish","type":"page","link":"https:\/\/schoolsforsense.eu\/de\/finding-help-support\/","title":{"rendered":"Hilfe &amp; Unterst\u00fctzung finden"},"content":{"rendered":"\t\t<div data-elementor-type=\"wp-page\" data-elementor-id=\"616\" class=\"elementor elementor-616\" data-elementor-settings=\"{&quot;ha_cmc_init_switcher&quot;:&quot;no&quot;}\">\n\t\t\t\t\t\t<section class=\"elementor-section elementor-top-section elementor-element elementor-element-6d4acf7 elementor-section-height-min-height elementor-section-items-stretch elementor-reverse-mobile elementor-section-boxed elementor-section-height-default wpr-particle-no wpr-jarallax-no wpr-parallax-no wpr-sticky-section-no wpr-equal-height-no\" data-id=\"6d4acf7\" data-element_type=\"section\" data-settings=\"{&quot;background_background&quot;:&quot;gradient&quot;,&quot;shape_divider_bottom&quot;:&quot;waves&quot;,&quot;_ha_eqh_enable&quot;:false}\">\n\t\t\t\t\t\t\t<div class=\"elementor-background-overlay\"><\/div>\n\t\t\t\t\t\t<div class=\"elementor-shape elementor-shape-bottom\" data-negative=\"false\">\n\t\t\t<svg xmlns=\"http:\/\/www.w3.org\/2000\/svg\" viewBox=\"0 0 1000 100\" preserveAspectRatio=\"none\">\n\t<path class=\"elementor-shape-fill\" d=\"M421.9,6.5c22.6-2.5,51.5,0.4,75.5,5.3c23.6,4.9,70.9,23.5,100.5,35.7c75.8,32.2,133.7,44.5,192.6,49.7\n\tc23.6,2.1,48.7,3.5,103.4-2.5c54.7-6,106.2-25.6,106.2-25.6V0H0v30.3c0,0,72,32.6,158.4,30.5c39.2-0.7,92.8-6.7,134-22.4\n\tc21.2-8.1,52.2-18.2,79.7-24.2C399.3,7.9,411.6,7.5,421.9,6.5z\"\/>\n<\/svg>\t\t<\/div>\n\t\t\t\t\t<div class=\"elementor-container elementor-column-gap-default\">\n\t\t\t\t\t<div class=\"elementor-column elementor-col-100 elementor-top-column elementor-element elementor-element-5652598 elementor-invisible\" data-id=\"5652598\" data-element_type=\"column\" data-settings=\"{&quot;animation&quot;:&quot;fadeIn&quot;}\">\n\t\t\t<div class=\"elementor-widget-wrap elementor-element-populated\">\n\t\t\t\t\t\t<div class=\"elementor-element elementor-element-d03833d elementor-widget elementor-widget-heading\" data-id=\"d03833d\" data-element_type=\"widget\" data-widget_type=\"heading.default\">\n\t\t\t\t<div class=\"elementor-widget-container\">\n\t\t\t\t\t<h1 class=\"elementor-heading-title elementor-size-default\">Finding help & support<\/h1>\t\t\t\t<\/div>\n\t\t\t\t<\/div>\n\t\t\t\t\t<\/div>\n\t\t<\/div>\n\t\t\t\t\t<\/div>\n\t\t<\/section>\n\t\t<div class=\"elementor-element elementor-element-934c2b5 e-flex e-con-boxed wpr-particle-no wpr-jarallax-no wpr-parallax-no wpr-sticky-section-no wpr-equal-height-no e-con e-parent\" data-id=\"934c2b5\" data-element_type=\"container\" data-settings=\"{&quot;_ha_eqh_enable&quot;:false}\">\n\t\t\t\t\t<div class=\"e-con-inner\">\n\t\t\t\t<div class=\"elementor-element elementor-element-a26e7f3 elementor-widget elementor-widget-text-editor\" data-id=\"a26e7f3\" data-element_type=\"widget\" data-widget_type=\"text-editor.default\">\n\t\t\t\t<div class=\"elementor-widget-container\">\n\t\t\t\t\t<style>.elementor-element-a26e7f3{display:none !important}<\/style>\t\t\t\t<\/div>\n\t\t\t\t<\/div>\n\t\t\t\t<div class=\"elementor-element elementor-element-55cae87 elementor-widget elementor-widget-heading\" data-id=\"55cae87\" data-element_type=\"widget\" data-no-translation=\"\" data-widget_type=\"heading.default\">\n\t\t\t\t<div class=\"elementor-widget-container\">\n\t\t\t\t\t<h2 class=\"elementor-heading-title elementor-size-default\">Deutschland<\/h2>\t\t\t\t<\/div>\n\t\t\t\t<\/div>\n\t\t\t\t<div class=\"elementor-element elementor-element-3d2c1bc elementor-widget elementor-widget-text-editor\" data-id=\"3d2c1bc\" data-element_type=\"widget\" data-no-translation=\"\" data-widget_type=\"text-editor.default\">\n\t\t\t\t<div class=\"elementor-widget-container\">\n\t\t\t\t\t\t\t\t\t<p>Jugendliche, die mit psychischen Schwierigkeiten belastet sind, k\u00f6nnen sich an verschiedene Stellen wenden. Zun\u00e4chst ist wichtig, dass Jugendliche wissen, dass sie nicht alleine sind und dass es Unterst\u00fctzung gibt, auf die sie sich verlassen k\u00f6nnen. Es ist mutig, sich Hilfe zu suchen, und es gibt professionelle Unterst\u00fctzung, um Jugendlichen dabei zu helfen, mit psychischen Schwierigkeiten umzugehen.<\/p>\t\t\t\t\t\t\t\t<\/div>\n\t\t\t\t<\/div>\n\t\t\t\t\t<\/div>\n\t\t\t\t<\/div>\n\t\t<div class=\"elementor-element elementor-element-00e7203 e-grid e-con-boxed wpr-particle-no wpr-jarallax-no wpr-parallax-no wpr-sticky-section-no wpr-equal-height-no e-con e-parent\" data-id=\"00e7203\" data-element_type=\"container\" data-no-translation=\"\">\n\t\t\t\t\t<div class=\"e-con-inner\">\n\t\t\t\t<div class=\"elementor-element elementor-element-ad293f8 elementor-widget elementor-widget-text-editor\" data-id=\"ad293f8\" data-element_type=\"widget\" data-widget_type=\"text-editor.default\">\n\t\t\t\t<div class=\"elementor-widget-container\">\n\t\t\t\t\t\t\t\t\t<p><strong>1. Schulpsycholog:innen oder Schulsozialarbeiter:innen<\/strong><\/p><p>Viele Schulen haben Psycholog:innen oder Sozialarbeiter:innen, die Sch\u00fcler:innen und P\u00e4dagog:innen bei ihren Anliegen helfen k\u00f6nnen. Sie k\u00f6nnen Gespr\u00e4che f\u00fchren, Ressourcen bereitstellen und bei Bedarf Empfehlungen f\u00fcr weitere Unterst\u00fctzung geben.<\/p>\t\t\t\t\t\t\t\t<\/div>\n\t\t\t\t<\/div>\n\t\t\t\t<div class=\"elementor-element elementor-element-d330473 elementor-widget elementor-widget-text-editor\" data-id=\"d330473\" data-element_type=\"widget\" data-widget_type=\"text-editor.default\">\n\t\t\t\t<div class=\"elementor-widget-container\">\n\t\t\t\t\t\t\t\t\t<p><strong>2. Kinder- und Jugendpsychotherapeut:innen<\/strong><\/p><p><span data-sheets-root=\"1\" data-sheets-value=\"{&quot;1&quot;:2,&quot;2&quot;:&quot;1.\\tSchulpsycholog:innen oder Schulsozialarbeiter:innen: Viele Schulen haben Psycholog:innen oder Sozialarbeiter:innen, die Sch\u00fcler:innen bei pers\u00f6nlichen Problemen helfen k\u00f6nnen. Sie k\u00f6nnen Gespr\u00e4che f\u00fchren, Ressourcen bereitstellen und bei Bedarf Empfehlungen f\u00fcr weitere Unterst\u00fctzung geben.&quot;}\" data-sheets-userformat=\"{&quot;2&quot;:8977,&quot;3&quot;:{&quot;1&quot;:0},&quot;7&quot;:{&quot;1&quot;:[{&quot;1&quot;:2,&quot;2&quot;:0,&quot;5&quot;:{&quot;1&quot;:2,&quot;2&quot;:0}},{&quot;1&quot;:0,&quot;2&quot;:0,&quot;3&quot;:3},{&quot;1&quot;:1,&quot;2&quot;:0,&quot;4&quot;:3}]},&quot;11&quot;:4,&quot;12&quot;:0,&quot;16&quot;:11}\"> Psychotherapeut:innen, die auf die Arbeit mit Kindern und Jugendlichen spezialisiert sind, k\u00f6nnen Gespr\u00e4chstherapie und andere Behandlungen anbieten, um mit psychischen Problemen umzugehen. Eine \u00dcberweisung durch den Hausarzt oder die Krankenkasse kann erforderlich sein.<\/span><\/p>\t\t\t\t\t\t\t\t<\/div>\n\t\t\t\t<\/div>\n\t\t\t\t<div class=\"elementor-element elementor-element-798477f elementor-widget elementor-widget-text-editor\" data-id=\"798477f\" data-element_type=\"widget\" data-widget_type=\"text-editor.default\">\n\t\t\t\t<div class=\"elementor-widget-container\">\n\t\t\t\t\t\t\t\t\t<p><strong>3. Jugendberatungsstellen<\/strong><\/p><p><span data-sheets-root=\"1\" data-sheets-value=\"{&quot;1&quot;:2,&quot;2&quot;:&quot;3.\\tJugendberatungsstellen: Es gibt Beratungsstellen, die speziell auf die Bed\u00fcrfnisse von Jugendlichen zugeschnitten sind. Dort k\u00f6nnen Jugendliche vertrauliche Gespr\u00e4che f\u00fchren und Unterst\u00fctzung bei verschiedenen Problemen erhalten, darunter auch psychische Gesundheit. Die Jugendberatungsstelle ist meist auffindbar auf der Webseite der jeweiligen Stadt. &quot;}\" data-sheets-userformat=\"{&quot;2&quot;:8977,&quot;3&quot;:{&quot;1&quot;:0},&quot;7&quot;:{&quot;1&quot;:[{&quot;1&quot;:2,&quot;2&quot;:0,&quot;5&quot;:{&quot;1&quot;:2,&quot;2&quot;:0}},{&quot;1&quot;:0,&quot;2&quot;:0,&quot;3&quot;:3},{&quot;1&quot;:1,&quot;2&quot;:0,&quot;4&quot;:3}]},&quot;11&quot;:4,&quot;12&quot;:0,&quot;16&quot;:11}\">Es gibt Beratungsstellen, die speziell auf die Bed\u00fcrfnisse von Jugendlichen zugeschnitten sind. Dort k\u00f6nnen Jugendliche vertrauliche Gespr\u00e4che f\u00fchren und Unterst\u00fctzung bei verschiedenen Problemen erhalten, darunter auch psychische Gesundheit. Die Jugendberatungsstelle ist meist auffindbar auf der Webseite der jeweiligen Stadt. <\/span><\/p>\t\t\t\t\t\t\t\t<\/div>\n\t\t\t\t<\/div>\n\t\t\t\t<div class=\"elementor-element elementor-element-0881fe0 elementor-widget elementor-widget-text-editor\" data-id=\"0881fe0\" data-element_type=\"widget\" data-widget_type=\"text-editor.default\">\n\t\t\t\t<div class=\"elementor-widget-container\">\n\t\t\t\t\t\t\t\t\t<p><strong>4.<\/strong> <strong>Bundes Psychotherapeuten Kammer<\/strong><\/p><p><span data-sheets-root=\"1\" data-sheets-value=\"{&quot;1&quot;:2,&quot;2&quot;:&quot;4.\\tBundes Psychotherapeuten Kammer: Die Brosch\u00fcre \u201eWege zur Psychotherapie\u201c der Bundes Psychotherapeuten Kammer enth\u00e4lt grundlegende Informationen zu professionellen Hilfen bei psychischer Erkrankung. &quot;}\" data-sheets-userformat=\"{&quot;2&quot;:8977,&quot;3&quot;:{&quot;1&quot;:0},&quot;7&quot;:{&quot;1&quot;:[{&quot;1&quot;:2,&quot;2&quot;:0,&quot;5&quot;:{&quot;1&quot;:2,&quot;2&quot;:0}},{&quot;1&quot;:0,&quot;2&quot;:0,&quot;3&quot;:3},{&quot;1&quot;:1,&quot;2&quot;:0,&quot;4&quot;:3}]},&quot;11&quot;:4,&quot;12&quot;:0,&quot;16&quot;:11}\">Die Brosch\u00fcre \u201eWege zur Psychotherapie\u201c der Bundes Psychotherapeuten Kammer enth\u00e4lt grundlegende Informationen zu professionellen Hilfen bei psychischer Erkrankung.<\/span><\/p><p><span data-sheets-root=\"1\" data-sheets-value=\"{&quot;1&quot;:2,&quot;2&quot;:&quot;4.\\tBundes Psychotherapeuten Kammer: Die Brosch\u00fcre \u201eWege zur Psychotherapie\u201c der Bundes Psychotherapeuten Kammer enth\u00e4lt grundlegende Informationen zu professionellen Hilfen bei psychischer Erkrankung. &quot;}\" data-sheets-userformat=\"{&quot;2&quot;:8977,&quot;3&quot;:{&quot;1&quot;:0},&quot;7&quot;:{&quot;1&quot;:[{&quot;1&quot;:2,&quot;2&quot;:0,&quot;5&quot;:{&quot;1&quot;:2,&quot;2&quot;:0}},{&quot;1&quot;:0,&quot;2&quot;:0,&quot;3&quot;:3},{&quot;1&quot;:1,&quot;2&quot;:0,&quot;4&quot;:3}]},&quot;11&quot;:4,&quot;12&quot;:0,&quot;16&quot;:11}\"> <a href=\"https:\/\/www.bptk.de\/pressemitteilungen\/bptk-patienteninformation-wege-zur-psychotherapie\/\" target=\"_blank\" rel=\"noopener\">https:\/\/www.bptk.de\/pressemitteilungen\/bptk-patienteninformation-wege-zur-psychotherapie\/<\/a><\/span><\/p>\t\t\t\t\t\t\t\t<\/div>\n\t\t\t\t<\/div>\n\t\t\t\t<div class=\"elementor-element elementor-element-d7ef17e elementor-widget elementor-widget-text-editor\" data-id=\"d7ef17e\" data-element_type=\"widget\" data-widget_type=\"text-editor.default\">\n\t\t\t\t<div class=\"elementor-widget-container\">\n\t\t\t\t\t\t\t\t\t<p><a href=\"https:\/\/www.bptk.de\/pressemitteilungen\/bptk-patienteninformation-wege-zur-psychotherapie\/\" target=\"_blank\" rel=\"noopener\">https:\/\/www.bptk.de\/pressemitteilungen\/bptk-patienteninformation-wege-zur-psychotherapie\/<\/a><\/p>\t\t\t\t\t\t\t\t<\/div>\n\t\t\t\t<\/div>\n\t\t\t\t\t<\/div>\n\t\t\t\t<\/div>\n\t\t<div class=\"elementor-element elementor-element-b59dd98 e-flex e-con-boxed wpr-particle-no wpr-jarallax-no wpr-parallax-no wpr-sticky-section-no wpr-equal-height-no e-con e-parent\" data-id=\"b59dd98\" data-element_type=\"container\" data-settings=\"{&quot;_ha_eqh_enable&quot;:false}\">\n\t\t\t\t\t<div class=\"e-con-inner\">\n\t\t\t\t<div class=\"elementor-element elementor-element-01bd109 elementor-widget elementor-widget-text-editor\" data-id=\"01bd109\" data-element_type=\"widget\" data-no-translation=\"\" data-widget_type=\"text-editor.default\">\n\t\t\t\t<div class=\"elementor-widget-container\">\n\t\t\t\t\t\t\t\t\t<p><span data-sheets-root=\"1\" data-sheets-value=\"{&quot;1&quot;:2,&quot;2&quot;:&quot;Es gibt zahlreiche Online-Plattformen und Hotlines, die Jugendlichen bei psychischen Problemen Unterst\u00fctzung bieten. Dazu geh\u00f6ren Websites mit Informationen und Ratschl\u00e4gen sowie anonyme Chat-Dienste oder Telefonhotlines, bei denen Jugendliche mit geschulten Fachleuten sprechen k\u00f6nnen.&quot;}\" data-sheets-userformat=\"{&quot;2&quot;:8977,&quot;3&quot;:{&quot;1&quot;:0},&quot;7&quot;:{&quot;1&quot;:[{&quot;1&quot;:2,&quot;2&quot;:0,&quot;5&quot;:{&quot;1&quot;:2,&quot;2&quot;:0}},{&quot;1&quot;:0,&quot;2&quot;:0,&quot;3&quot;:3},{&quot;1&quot;:1,&quot;2&quot;:0,&quot;4&quot;:3}]},&quot;11&quot;:4,&quot;12&quot;:0,&quot;16&quot;:11}\">Es gibt zahlreiche Online-Plattformen und Hotlines, die Jugendlichen bei psychischen Problemen Unterst\u00fctzung bieten. Dazu geh\u00f6ren Websites mit Informationen und Ratschl\u00e4gen sowie anonyme Chat-Dienste oder Telefonhotlines, bei denen Jugendliche mit geschulten Fachleuten sprechen k\u00f6nnen.<\/span><\/p>\t\t\t\t\t\t\t\t<\/div>\n\t\t\t\t<\/div>\n\t\t\t\t\t<\/div>\n\t\t\t\t<\/div>\n\t\t<div class=\"elementor-element elementor-element-f8590aa e-grid e-con-boxed wpr-particle-no wpr-jarallax-no wpr-parallax-no wpr-sticky-section-no wpr-equal-height-no e-con e-parent\" data-id=\"f8590aa\" data-element_type=\"container\" data-no-translation=\"\">\n\t\t\t\t\t<div class=\"e-con-inner\">\n\t\t\t\t<div class=\"elementor-element elementor-element-a34b12a elementor-widget elementor-widget-text-editor\" data-id=\"a34b12a\" data-element_type=\"widget\" data-widget_type=\"text-editor.default\">\n\t\t\t\t<div class=\"elementor-widget-container\">\n\t\t\t\t\t\t\t\t\t<p><img decoding=\"async\" class=\"wp-image-2271 aligncenter\" src=\"https:\/\/schoolsforsense.eu\/wp-content\/uploads\/2024\/10\/116111.png\" alt=\"\" width=\"174\" height=\"93\" srcset=\"https:\/\/schoolsforsense.eu\/wp-content\/uploads\/2024\/10\/116111.png 259w, https:\/\/schoolsforsense.eu\/wp-content\/uploads\/2024\/10\/116111-18x10.png 18w\" sizes=\"(max-width: 174px) 100vw, 174px\" \/><\/p><p><strong>1. <a href=\"https:\/\/www.nummergegenkummer.de\/kinder-und-jugendberatung\/online-beratung\/\" target=\"_blank\" rel=\"noopener\">Nummer gegen Kummer<\/a><\/strong><\/p><p><span data-sheets-root=\"1\" data-sheets-value=\"{&quot;1&quot;:2,&quot;2&quot;:&quot;1. Nummer gegen Kummer: Dies ist eine deutsche Online-Beratungsstelle und Hotline f\u00fcr Kinder und Jugendliche, die sich in belastenden Situationen befinden oder \u00fcber pers\u00f6nliche Probleme sprechen m\u00f6chten. Sie bieten auch einen Chat und eine E-Mail-Beratung an.\\nKinder- und Jugendtelefon: montags bis samstags von 14-20 Uhr unter folgender Nummer: 116111\\n&quot;}\" data-sheets-userformat=\"{&quot;2&quot;:13073,&quot;3&quot;:{&quot;1&quot;:0},&quot;7&quot;:{&quot;1&quot;:[{&quot;1&quot;:2,&quot;2&quot;:0,&quot;5&quot;:{&quot;1&quot;:2,&quot;2&quot;:0}},{&quot;1&quot;:0,&quot;2&quot;:0,&quot;3&quot;:3},{&quot;1&quot;:1,&quot;2&quot;:0,&quot;4&quot;:3}]},&quot;11&quot;:4,&quot;12&quot;:0,&quot;15&quot;:&quot;Arial&quot;,&quot;16&quot;:11}\">Dies ist eine deutsche Online-Beratungsstelle und Hotline f\u00fcr Kinder und Jugendliche, die sich in belastenden Situationen befinden oder \u00fcber pers\u00f6nliche Probleme sprechen m\u00f6chten. Sie bieten auch einen Chat und eine E-Mail-Beratung an. Kinder- und Jugendtelefon: montags bis samstags von 14-20 Uhr unter folgender Nummer: 116111<\/span><\/p>\t\t\t\t\t\t\t\t<\/div>\n\t\t\t\t<\/div>\n\t\t\t\t<div class=\"elementor-element elementor-element-0c162aa elementor-widget elementor-widget-text-editor\" data-id=\"0c162aa\" data-element_type=\"widget\" data-widget_type=\"text-editor.default\">\n\t\t\t\t<div class=\"elementor-widget-container\">\n\t\t\t\t\t\t\t\t\t<p><img decoding=\"async\" class=\"wp-image-2272 aligncenter\" src=\"https:\/\/schoolsforsense.eu\/wp-content\/uploads\/2024\/10\/jugendnotmail.png\" alt=\"\" width=\"146\" height=\"95\" srcset=\"https:\/\/schoolsforsense.eu\/wp-content\/uploads\/2024\/10\/jugendnotmail.png 252w, https:\/\/schoolsforsense.eu\/wp-content\/uploads\/2024\/10\/jugendnotmail-18x12.png 18w\" sizes=\"(max-width: 146px) 100vw, 146px\" \/><\/p><p><strong>2. <a href=\"https:\/\/jugendnotmail.de\/\" target=\"_blank\" rel=\"noopener\">Jugendnotmail<\/a><\/strong><\/p><p><span data-sheets-root=\"1\" data-sheets-value=\"{&quot;1&quot;:2,&quot;2&quot;:&quot;2.\\tJugendnotmail: Diese Website erm\u00f6glicht es Jugendlichen, anonym und vertraulich per E-Mail \u00fcber ihre Probleme zu sprechen. Geschulte Fachkr\u00e4fte antworten innerhalb von 48 Stunden.&quot;}\" data-sheets-userformat=\"{&quot;2&quot;:8977,&quot;3&quot;:{&quot;1&quot;:0},&quot;7&quot;:{&quot;1&quot;:[{&quot;1&quot;:2,&quot;2&quot;:0,&quot;5&quot;:{&quot;1&quot;:2,&quot;2&quot;:0}},{&quot;1&quot;:0,&quot;2&quot;:0,&quot;3&quot;:3},{&quot;1&quot;:1,&quot;2&quot;:0,&quot;4&quot;:3}]},&quot;11&quot;:4,&quot;12&quot;:0,&quot;16&quot;:11}\">Diese Website erm\u00f6glicht es Jugendlichen, anonym und vertraulich per E-Mail \u00fcber ihre Probleme zu sprechen. Geschulte Fachkr\u00e4fte antworten innerhalb von 48 Stunden.<\/span><\/p>\t\t\t\t\t\t\t\t<\/div>\n\t\t\t\t<\/div>\n\t\t\t\t<div class=\"elementor-element elementor-element-97dc827 elementor-widget elementor-widget-text-editor\" data-id=\"97dc827\" data-element_type=\"widget\" data-widget_type=\"text-editor.default\">\n\t\t\t\t<div class=\"elementor-widget-container\">\n\t\t\t\t\t\t\t\t\t<p><strong>3. <a href=\"https:\/\/schulpsychologie.de\/\" target=\"_blank\" rel=\"noopener\">Schulpsychologie.de<\/a><\/strong><\/p><p>Diese Plattform bietet Informationen und Ressourcen f\u00fcr Jugendliche, Eltern und Lehrer zu verschiedenen Themen im Zusammenhang mit psychischer Gesundheit und Schule.<\/p>\t\t\t\t\t\t\t\t<\/div>\n\t\t\t\t<\/div>\n\t\t\t\t<div class=\"elementor-element elementor-element-abd6c06 elementor-widget elementor-widget-text-editor\" data-id=\"abd6c06\" data-element_type=\"widget\" data-widget_type=\"text-editor.default\">\n\t\t\t\t<div class=\"elementor-widget-container\">\n\t\t\t\t\t\t\t\t\t<p><img decoding=\"async\" class=\"wp-image-2277 aligncenter\" src=\"https:\/\/schoolsforsense.eu\/wp-content\/uploads\/2024\/10\/bke.png\" alt=\"\" width=\"167\" height=\"84\" srcset=\"https:\/\/schoolsforsense.eu\/wp-content\/uploads\/2024\/10\/bke.png 277w, https:\/\/schoolsforsense.eu\/wp-content\/uploads\/2024\/10\/bke-18x9.png 18w\" sizes=\"(max-width: 167px) 100vw, 167px\" \/><\/p><p><strong>4. <a href=\"https:\/\/jugend.bke-beratung.de\/views\/home\/index.html\" target=\"_blank\" rel=\"noopener\">bke-Jugendberatung<\/a><\/strong><\/p><p><span data-sheets-root=\"1\" data-sheets-value=\"{&quot;1&quot;:2,&quot;2&quot;:&quot;4.\\tbke-Jugendberatung: Die Bundeskonferenz f\u00fcr Erziehungsberatung bietet Online-Beratung f\u00fcr Jugendliche zu verschiedenen Themen wie Familie, Schule, Freundschaften und psychischer Gesundheit.&quot;}\" data-sheets-userformat=\"{&quot;2&quot;:8977,&quot;3&quot;:{&quot;1&quot;:0},&quot;7&quot;:{&quot;1&quot;:[{&quot;1&quot;:2,&quot;2&quot;:0,&quot;5&quot;:{&quot;1&quot;:2,&quot;2&quot;:0}},{&quot;1&quot;:0,&quot;2&quot;:0,&quot;3&quot;:3},{&quot;1&quot;:1,&quot;2&quot;:0,&quot;4&quot;:3}]},&quot;11&quot;:4,&quot;12&quot;:0,&quot;16&quot;:11}\">Die Bundeskonferenz f\u00fcr Erziehungsberatung bietet Online-Beratung f\u00fcr Jugendliche zu verschiedenen Themen wie Familie, Schule, Freundschaften und psychischer Gesundheit.<\/span><\/p>\t\t\t\t\t\t\t\t<\/div>\n\t\t\t\t<\/div>\n\t\t\t\t<div class=\"elementor-element elementor-element-af5fc32 elementor-widget elementor-widget-text-editor\" data-id=\"af5fc32\" data-element_type=\"widget\" data-widget_type=\"text-editor.default\">\n\t\t\t\t<div class=\"elementor-widget-container\">\n\t\t\t\t\t\t\t\t\t<p><img loading=\"lazy\" decoding=\"async\" class=\"size-full wp-image-2276 aligncenter\" src=\"https:\/\/schoolsforsense.eu\/wp-content\/uploads\/2024\/10\/sauber.png\" alt=\"\" width=\"250\" height=\"61\" srcset=\"https:\/\/schoolsforsense.eu\/wp-content\/uploads\/2024\/10\/sauber.png 250w, https:\/\/schoolsforsense.eu\/wp-content\/uploads\/2024\/10\/sauber-18x4.png 18w\" sizes=\"(max-width: 250px) 100vw, 250px\" \/><\/p><p><strong>5. <a href=\"https:\/\/mindzone.info\/\" target=\"_blank\" rel=\"noopener\">MindZone<\/a><\/strong><\/p><p><span data-sheets-root=\"1\" data-sheets-value=\"{&quot;1&quot;:2,&quot;2&quot;:&quot;5.\\tMindZone: Diese Website richtet sich speziell an Jugendliche und junge Erwachsene und bietet Informationen und Ressourcen zu psychischen Gesundheitsproblemen, Stressbew\u00e4ltigung, Selbstf\u00fcrsorge und anderen relevanten Themen. &quot;}\" data-sheets-userformat=\"{&quot;2&quot;:8977,&quot;3&quot;:{&quot;1&quot;:0},&quot;7&quot;:{&quot;1&quot;:[{&quot;1&quot;:2,&quot;2&quot;:0,&quot;5&quot;:{&quot;1&quot;:2,&quot;2&quot;:0}},{&quot;1&quot;:0,&quot;2&quot;:0,&quot;3&quot;:3},{&quot;1&quot;:1,&quot;2&quot;:0,&quot;4&quot;:3}]},&quot;11&quot;:4,&quot;12&quot;:0,&quot;16&quot;:11}\">Diese Website richtet sich speziell an Jugendliche und junge Erwachsene und bietet Informationen und Ressourcen zu psychischen Gesundheitsproblemen, Stressbew\u00e4ltigung, Selbstf\u00fcrsorge und anderen relevanten Themen. <\/span><\/p>\t\t\t\t\t\t\t\t<\/div>\n\t\t\t\t<\/div>\n\t\t\t\t<div class=\"elementor-element elementor-element-4a8a6e9 elementor-widget elementor-widget-text-editor\" data-id=\"4a8a6e9\" data-element_type=\"widget\" data-widget_type=\"text-editor.default\">\n\t\t\t\t<div class=\"elementor-widget-container\">\n\t\t\t\t\t\t\t\t\t<p><img loading=\"lazy\" decoding=\"async\" class=\"size-medium wp-image-2275 aligncenter\" src=\"https:\/\/schoolsforsense.eu\/wp-content\/uploads\/2024\/10\/ich-bin-alles-300x83.png\" alt=\"\" width=\"300\" height=\"83\" srcset=\"https:\/\/schoolsforsense.eu\/wp-content\/uploads\/2024\/10\/ich-bin-alles-300x83.png 300w, https:\/\/schoolsforsense.eu\/wp-content\/uploads\/2024\/10\/ich-bin-alles-18x5.png 18w, https:\/\/schoolsforsense.eu\/wp-content\/uploads\/2024\/10\/ich-bin-alles.png 309w\" sizes=\"(max-width: 300px) 100vw, 300px\" \/><\/p><p><strong>6. <a href=\"https:\/\/www.ich-bin-alles.de\/\" target=\"_blank\" rel=\"noopener\">Ich bin alles<\/a><\/strong><\/p><p><span data-sheets-root=\"1\" data-sheets-value=\"{&quot;1&quot;:2,&quot;2&quot;:&quot;6.\\tIch bin alles: Das Projekt \\&quot;Ich bin alles\\&quot; ist eine Initiative, die darauf abzielt, das Bewusstsein f\u00fcr psychische Gesundheit, vor allem Depressionen, zu f\u00f6rdern und die Stigmatisierung von Menschen mit psychischen Erkrankungen zu bek\u00e4mpfen. &quot;}\" data-sheets-userformat=\"{&quot;2&quot;:8977,&quot;3&quot;:{&quot;1&quot;:0},&quot;7&quot;:{&quot;1&quot;:[{&quot;1&quot;:2,&quot;2&quot;:0,&quot;5&quot;:{&quot;1&quot;:2,&quot;2&quot;:0}},{&quot;1&quot;:0,&quot;2&quot;:0,&quot;3&quot;:3},{&quot;1&quot;:1,&quot;2&quot;:0,&quot;4&quot;:3}]},&quot;11&quot;:4,&quot;12&quot;:0,&quot;16&quot;:11}\">Das Projekt &#8220;Ich bin alles&#8221; ist eine Initiative, die darauf abzielt, das Bewusstsein f\u00fcr psychische Gesundheit, vor allem Depressionen, zu f\u00f6rdern und die Stigmatisierung von Menschen mit psychischen Erkrankungen zu bek\u00e4mpfen. <\/span><\/p>\t\t\t\t\t\t\t\t<\/div>\n\t\t\t\t<\/div>\n\t\t\t\t<div class=\"elementor-element elementor-element-9d43c6d elementor-widget elementor-widget-text-editor\" data-id=\"9d43c6d\" data-element_type=\"widget\" data-widget_type=\"text-editor.default\">\n\t\t\t\t<div class=\"elementor-widget-container\">\n\t\t\t\t\t\t\t\t\t<p><img loading=\"lazy\" decoding=\"async\" class=\"size-full wp-image-2274 aligncenter\" src=\"https:\/\/schoolsforsense.eu\/wp-content\/uploads\/2024\/10\/Between-the-lines.png\" alt=\"\" width=\"282\" height=\"52\" srcset=\"https:\/\/schoolsforsense.eu\/wp-content\/uploads\/2024\/10\/Between-the-lines.png 282w, https:\/\/schoolsforsense.eu\/wp-content\/uploads\/2024\/10\/Between-the-lines-18x3.png 18w\" sizes=\"(max-width: 282px) 100vw, 282px\" \/><\/p><p><strong>7. <a href=\"https:\/\/between-the-lines.info\/\" target=\"_blank\" rel=\"noopener\">Between the lines<\/a><\/strong><\/p><p><span data-sheets-root=\"1\" data-sheets-value=\"{&quot;1&quot;:2,&quot;2&quot;:&quot;7.\\tBetween the lines: Das Projekt \u201cBetween the lines\u201c ist eine kostenlose und werbefreie App, welche validierte Informationen \u00fcber psychische Gesundheit enth\u00e4lt, sowie auch Informationen \u00fcber Anlaufstellen. &quot;}\" data-sheets-userformat=\"{&quot;2&quot;:8977,&quot;3&quot;:{&quot;1&quot;:0},&quot;7&quot;:{&quot;1&quot;:[{&quot;1&quot;:2,&quot;2&quot;:0,&quot;5&quot;:{&quot;1&quot;:2,&quot;2&quot;:0}},{&quot;1&quot;:0,&quot;2&quot;:0,&quot;3&quot;:3},{&quot;1&quot;:1,&quot;2&quot;:0,&quot;4&quot;:3}]},&quot;11&quot;:4,&quot;12&quot;:0,&quot;16&quot;:11}\">Das Projekt \u201cBetween the lines\u201c ist eine kostenlose und werbefreie App, welche validierte Informationen \u00fcber psychische Gesundheit enth\u00e4lt, sowie auch Informationen \u00fcber Anlaufstellen. <\/span><\/p>\t\t\t\t\t\t\t\t<\/div>\n\t\t\t\t<\/div>\n\t\t\t\t\t<\/div>\n\t\t\t\t<\/div>\n\t\t<div class=\"elementor-element elementor-element-82317e8 e-flex e-con-boxed wpr-particle-no wpr-jarallax-no wpr-parallax-no wpr-sticky-section-no wpr-equal-height-no e-con e-parent\" data-id=\"82317e8\" data-element_type=\"container\" data-settings=\"{&quot;background_background&quot;:&quot;classic&quot;,&quot;_ha_eqh_enable&quot;:false}\" data-no-translation=\"\">\n\t\t\t\t\t<div class=\"e-con-inner\">\n\t\t\t\t<div class=\"elementor-element elementor-element-2cb49b2 elementor-widget elementor-widget-heading\" data-id=\"2cb49b2\" data-element_type=\"widget\" data-widget_type=\"heading.default\">\n\t\t\t\t<div class=\"elementor-widget-container\">\n\t\t\t\t\t<h2 class=\"elementor-heading-title elementor-size-default\">\u00d6sterreich<\/h2>\t\t\t\t<\/div>\n\t\t\t\t<\/div>\n\t\t\t\t<div class=\"elementor-element elementor-element-c05441b elementor-widget elementor-widget-heading\" data-id=\"c05441b\" data-element_type=\"widget\" data-widget_type=\"heading.default\">\n\t\t\t\t<div class=\"elementor-widget-container\">\n\t\t\t\t\t<h3 class=\"elementor-heading-title elementor-size-default\">Alle Bundesl\u00e4nder<\/h3>\t\t\t\t<\/div>\n\t\t\t\t<\/div>\n\t\t<div class=\"elementor-element elementor-element-cfae4fb e-grid e-con-boxed wpr-particle-no wpr-jarallax-no wpr-parallax-no wpr-sticky-section-no wpr-equal-height-no e-con e-child\" data-id=\"cfae4fb\" data-element_type=\"container\">\n\t\t\t\t\t<div class=\"e-con-inner\">\n\t\t\t\t<div class=\"elementor-element elementor-element-3cae2ab elementor-position-top ha-has-bg-overlay elementor-widget elementor-widget-image-box\" data-id=\"3cae2ab\" data-element_type=\"widget\" data-widget_type=\"image-box.default\">\n\t\t\t\t<div class=\"elementor-widget-container\">\n\t\t\t\t\t<div class=\"elementor-image-box-wrapper\"><figure class=\"elementor-image-box-img\"><a href=\"http:\/\/www.schulpsychologie.at\" target=\"_blank\" rel=\"nofollow\" tabindex=\"-1\"><img loading=\"lazy\" decoding=\"async\" width=\"161\" height=\"71\" src=\"https:\/\/schoolsforsense.eu\/wp-content\/uploads\/2024\/06\/g1.png\" class=\"attachment-full size-full wp-image-1370\" alt=\"\" srcset=\"https:\/\/schoolsforsense.eu\/wp-content\/uploads\/2024\/06\/g1.png 161w, https:\/\/schoolsforsense.eu\/wp-content\/uploads\/2024\/06\/g1-18x8.png 18w\" sizes=\"(max-width: 161px) 100vw, 161px\" \/><\/a><\/figure><div class=\"elementor-image-box-content\"><h3 class=\"elementor-image-box-title\"><a href=\"http:\/\/www.schulpsychologie.at\" target=\"_blank\" rel=\"nofollow\">Schulpsychologie \u2013 Bildungsberatung<\/a><\/h3><p class=\"elementor-image-box-description\">Die Schulpsychologie-Bildungsberatung steht als eine in das Schulsystem integrierte psychosoziale Einrichtung Sch\u00fcler:innen, Lehrer:innen, Eltern und Erziehungsberechtigten zur Verf\u00fcgung. Zu den Hauptaufgaben z\u00e4hlen:\n<ul>\n<li>psychologische Beratung und Behandlung<\/li>\n<li>psychologische Gutachter- und Sachverst\u00e4ndigent\u00e4tigkeit<\/li>\n<li>systemorientierte psychologische Unterst\u00fctzung von Schulen<\/li>\n<li>Unterst\u00fctzung von Schulen beim Krisenmanagement<\/li>\n<li>Beitr\u00e4ge zur Kompetenzsteigerung von Lehrenden<\/li>\n<li>Information der Schulpartner<\/li>\n<\/ul>\nAbteilung I\/7 \u2013 Schulpsychologie, psychosoziale Unterst\u00fctzung und schul\u00e4rztlicher Dienst,\nBildungs- und Berufsberatung im BMBWF\nFreyung 1, 1010 Wien<br>\nTel.: 01\/53120-2584<br>\nE-Mail: schulpsychologie@bmbwf.gv.at \n<a href=\"www.schulpsychologie.at\" target=\"_blank\">www.schulpsychologie.at  <\/a><\/p><\/div><\/div>\t\t\t\t<\/div>\n\t\t\t\t<\/div>\n\t\t\t\t<div class=\"elementor-element elementor-element-0ef7532 elementor-position-top ha-has-bg-overlay elementor-widget elementor-widget-image-box\" data-id=\"0ef7532\" data-element_type=\"widget\" data-widget_type=\"image-box.default\">\n\t\t\t\t<div class=\"elementor-widget-container\">\n\t\t\t\t\t<div class=\"elementor-image-box-wrapper\"><figure class=\"elementor-image-box-img\"><a href=\"http:\/\/www.give.or.at\" target=\"_blank\" rel=\"nofollow\" tabindex=\"-1\"><img loading=\"lazy\" decoding=\"async\" width=\"161\" height=\"30\" src=\"https:\/\/schoolsforsense.eu\/wp-content\/uploads\/2024\/06\/g2.png\" class=\"attachment-full size-full wp-image-1369\" alt=\"\" srcset=\"https:\/\/schoolsforsense.eu\/wp-content\/uploads\/2024\/06\/g2.png 161w, https:\/\/schoolsforsense.eu\/wp-content\/uploads\/2024\/06\/g2-18x3.png 18w\" sizes=\"(max-width: 161px) 100vw, 161px\" \/><\/a><\/figure><div class=\"elementor-image-box-content\"><h3 class=\"elementor-image-box-title\"><a href=\"http:\/\/www.give.or.at\" target=\"_blank\" rel=\"nofollow\">GIVE-Servicestelle f\u00fcr Gesundheitsf\u00f6rderung an \u00d6sterreichs Schulen<\/a><\/h3><p class=\"elementor-image-box-description\">Wiedner Hauptstr. 32, 1040 Wien<br>\nTel.: 01\/58900-372<br>\nE-Mail: info@give.or.at <br>\n<a href=\"www.give.or.at\" target=\"_blank\">www.give.or.at <\/a><\/p><\/div><\/div>\t\t\t\t<\/div>\n\t\t\t\t<\/div>\n\t\t\t\t<div class=\"elementor-element elementor-element-bcd398b elementor-position-top ha-has-bg-overlay elementor-widget elementor-widget-image-box\" data-id=\"bcd398b\" data-element_type=\"widget\" data-widget_type=\"image-box.default\">\n\t\t\t\t<div class=\"elementor-widget-container\">\n\t\t\t\t\t<div class=\"elementor-image-box-wrapper\"><figure class=\"elementor-image-box-img\"><a href=\"https:\/\/www.oe-kinderschutzzentren.at\/zentren\/zentren-vor-ort\/\" target=\"_blank\" rel=\"nofollow\" tabindex=\"-1\"><img loading=\"lazy\" decoding=\"async\" width=\"109\" height=\"81\" src=\"https:\/\/schoolsforsense.eu\/wp-content\/uploads\/2024\/06\/g3.png\" class=\"attachment-full size-full wp-image-1368\" alt=\"\" srcset=\"https:\/\/schoolsforsense.eu\/wp-content\/uploads\/2024\/06\/g3.png 109w, https:\/\/schoolsforsense.eu\/wp-content\/uploads\/2024\/06\/g3-16x12.png 16w\" sizes=\"(max-width: 109px) 100vw, 109px\" \/><\/a><\/figure><div class=\"elementor-image-box-content\"><h3 class=\"elementor-image-box-title\"><a href=\"https:\/\/www.oe-kinderschutzzentren.at\/zentren\/zentren-vor-ort\/\" target=\"_blank\" rel=\"nofollow\">Kinderschutzzentren<\/a><\/h3><p class=\"elementor-image-box-description\">Bei Gewalt \u2013 Hilfe f\u00fcr Kinder, Eltern und Helfer:innen<br>\nAngebote f\u00fcr Lehrer:innen: Beratung, Supervision und kurzfristige Krisenintervention bei Vorliegen bzw. Verdacht auf Gewalt an Sch\u00fcler:innen<br>\n<a href=\"https:\/\/www.oe-kinderschutzzentren.at\/zentren\/zentren-vor-ort\/\" target=\"_blank\">https:\/\/www.oe-kinderschutzzentren.at\/zentren\/zentren-vor-ort\/<\/a><\/p><\/div><\/div>\t\t\t\t<\/div>\n\t\t\t\t<\/div>\n\t\t\t\t<div class=\"elementor-element elementor-element-0c3c389 elementor-position-top ha-has-bg-overlay elementor-widget elementor-widget-image-box\" data-id=\"0c3c389\" data-element_type=\"widget\" data-widget_type=\"image-box.default\">\n\t\t\t\t<div class=\"elementor-widget-container\">\n\t\t\t\t\t<div class=\"elementor-image-box-wrapper\"><figure class=\"elementor-image-box-img\"><a href=\"https:\/\/www.rataufdraht.at\/chat-beratung\/chat-beratung\" target=\"_blank\" rel=\"nofollow\" tabindex=\"-1\"><img loading=\"lazy\" decoding=\"async\" width=\"135\" height=\"81\" src=\"https:\/\/schoolsforsense.eu\/wp-content\/uploads\/2024\/06\/g4.png\" class=\"attachment-full size-full wp-image-1367\" alt=\"\" srcset=\"https:\/\/schoolsforsense.eu\/wp-content\/uploads\/2024\/06\/g4.png 135w, https:\/\/schoolsforsense.eu\/wp-content\/uploads\/2024\/06\/g4-18x12.png 18w\" sizes=\"(max-width: 135px) 100vw, 135px\" \/><\/a><\/figure><div class=\"elementor-image-box-content\"><h3 class=\"elementor-image-box-title\"><a href=\"https:\/\/www.rataufdraht.at\/chat-beratung\/chat-beratung\" target=\"_blank\" rel=\"nofollow\">Hilfe f\u00fcr Kinder und Jugendliche - RAT auf Draht<\/a><\/h3><p class=\"elementor-image-box-description\">Beratung f\u00fcr Kinder und Jugendliche bei Problemen, Fragen und Krisen<br>\njederzeit \u2013 anonym - kostenlos<br>\nTel.: 147 (Notrufnummer ohne Vorwahl)<br>\nChatberatung (Montag bis Freitag, 18 \u2013 20 Uhr):<br> <a href=\"https:\/\/www.rataufdraht.at\/chat-beratung\/chat-beratung\" target=\"_blank\">https:\/\/www.rataufdraht.at\/chat-beratung\/chat-beratung <\/a><\/p><\/div><\/div>\t\t\t\t<\/div>\n\t\t\t\t<\/div>\n\t\t\t\t<div class=\"elementor-element elementor-element-03eccb2 elementor-position-top ha-has-bg-overlay elementor-widget elementor-widget-image-box\" data-id=\"03eccb2\" data-element_type=\"widget\" data-widget_type=\"image-box.default\">\n\t\t\t\t<div class=\"elementor-widget-container\">\n\t\t\t\t\t<div class=\"elementor-image-box-wrapper\"><figure class=\"elementor-image-box-img\"><a href=\"https:\/\/chat.onlineberatung-telefonseelsorge.at\/hc\/de\/requests\/new\" target=\"_blank\" rel=\"nofollow\" tabindex=\"-1\"><img loading=\"lazy\" decoding=\"async\" width=\"116\" height=\"119\" src=\"https:\/\/schoolsforsense.eu\/wp-content\/uploads\/2024\/06\/g5.png\" class=\"attachment-full size-full wp-image-1366\" alt=\"\" srcset=\"https:\/\/schoolsforsense.eu\/wp-content\/uploads\/2024\/06\/g5.png 116w, https:\/\/schoolsforsense.eu\/wp-content\/uploads\/2024\/06\/g5-12x12.png 12w\" sizes=\"(max-width: 116px) 100vw, 116px\" \/><\/a><\/figure><div class=\"elementor-image-box-content\"><h3 class=\"elementor-image-box-title\"><a href=\"https:\/\/chat.onlineberatung-telefonseelsorge.at\/hc\/de\/requests\/new\" target=\"_blank\" rel=\"nofollow\">Telefonseelsorge<\/a><\/h3><p class=\"elementor-image-box-description\">Kostenlose anonyme Erstanlaufstelle f\u00fcr Krisen in jeglicher Lebenssituation<br>\nTel.: 142 (Notruf ohne Vorwahl)<br>\nChatberatung (t\u00e4glich 16 \u2013 23 Uhr): <a href=\"https:\/\/chat.onlineberatung-telefonseelsorge.at\/hc\/de\" target=\"_blank\">https:\/\/chat.onlineberatung-telefonseelsorge.at\/hc\/de<\/a><br> \nBeratung per Mail: <a href=\"https:\/\/chat.onlineberatung-telefonseelsorge.at\/hc\/de\/requests\/new\" target=\"_blank\">https:\/\/chat.onlineberatung-telefonseelsorge.at\/hc\/de\/requests\/new<\/a><\/p><\/div><\/div>\t\t\t\t<\/div>\n\t\t\t\t<\/div>\n\t\t\t\t<div class=\"elementor-element elementor-element-d4133d5 elementor-position-top ha-has-bg-overlay elementor-widget elementor-widget-image-box\" data-id=\"d4133d5\" data-element_type=\"widget\" data-widget_type=\"image-box.default\">\n\t\t\t\t<div class=\"elementor-widget-container\">\n\t\t\t\t\t<div class=\"elementor-image-box-wrapper\"><figure class=\"elementor-image-box-img\"><a href=\"https:\/\/www.psychotherapie.at\/patientinnen\/ueber-psychotherapie\" target=\"_blank\" rel=\"nofollow\" tabindex=\"-1\"><img loading=\"lazy\" decoding=\"async\" width=\"135\" height=\"106\" src=\"https:\/\/schoolsforsense.eu\/wp-content\/uploads\/2024\/06\/g6.png\" class=\"attachment-full size-full wp-image-1365\" alt=\"\" srcset=\"https:\/\/schoolsforsense.eu\/wp-content\/uploads\/2024\/06\/g6.png 135w, https:\/\/schoolsforsense.eu\/wp-content\/uploads\/2024\/06\/g6-15x12.png 15w\" sizes=\"(max-width: 135px) 100vw, 135px\" \/><\/a><\/figure><div class=\"elementor-image-box-content\"><h3 class=\"elementor-image-box-title\"><a href=\"https:\/\/www.psychotherapie.at\/patientinnen\/ueber-psychotherapie\" target=\"_blank\" rel=\"nofollow\">Psychotherapeutische Beratungshotlines und Hotline f\u00fcr Kinder, Sch\u00fcler:innen und Eltern des Bundesverbands f\u00fcr Psychotherapie<\/a><\/h3><p class=\"elementor-image-box-description\">Tel.: 0512 56 17 34 \n(Unterst\u00fctzung durch Psychotherapeut:innen, Do-Fr 14:00 bis 16:00 Uhr) <\/p><\/div><\/div>\t\t\t\t<\/div>\n\t\t\t\t<\/div>\n\t\t\t\t<div class=\"elementor-element elementor-element-6b6f0ca elementor-position-top ha-has-bg-overlay elementor-widget elementor-widget-image-box\" data-id=\"6b6f0ca\" data-element_type=\"widget\" data-widget_type=\"image-box.default\">\n\t\t\t\t<div class=\"elementor-widget-container\">\n\t\t\t\t\t<div class=\"elementor-image-box-wrapper\"><figure class=\"elementor-image-box-img\"><a href=\"https:\/\/open2chat.at\" target=\"_blank\" rel=\"nofollow\" tabindex=\"-1\"><img loading=\"lazy\" decoding=\"async\" width=\"180\" height=\"30\" src=\"https:\/\/schoolsforsense.eu\/wp-content\/uploads\/2024\/06\/g7.png\" class=\"attachment-full size-full wp-image-1364\" alt=\"\" srcset=\"https:\/\/schoolsforsense.eu\/wp-content\/uploads\/2024\/06\/g7.png 180w, https:\/\/schoolsforsense.eu\/wp-content\/uploads\/2024\/06\/g7-18x3.png 18w\" sizes=\"(max-width: 180px) 100vw, 180px\" \/><\/a><\/figure><div class=\"elementor-image-box-content\"><h3 class=\"elementor-image-box-title\"><a href=\"https:\/\/open2chat.at\" target=\"_blank\" rel=\"nofollow\">Open2chat.at<\/a><\/h3><p class=\"elementor-image-box-description\">Peer-Beratung von speziell daf\u00fcr ausgebildeten Jugendlichen f\u00fcr Jugendliche<br>\nDiese Form der Beratung ersetzt keine psychotherapeutische oder \u00e4rztliche Behandlung<br>\nEin gemeinsames Projekt von Caritas, Karl Landsteiner Privatuniversit\u00e4t f\u00fcr Gesundheitswissenschaften, Ludwig-Boltzmann-Gesellschaft und P\u00e4dagogische Hochschule Nieder\u00f6sterreich<br>\n<a href=\"https:\/\/open2chat.at\" target=\"_blank\">https:\/\/open2chat.at <\/a><\/p><\/div><\/div>\t\t\t\t<\/div>\n\t\t\t\t<\/div>\n\t\t\t\t<div class=\"elementor-element elementor-element-576d3b9 elementor-position-top ha-has-bg-overlay elementor-widget elementor-widget-image-box\" data-id=\"576d3b9\" data-element_type=\"widget\" data-widget_type=\"image-box.default\">\n\t\t\t\t<div class=\"elementor-widget-container\">\n\t\t\t\t\t<div class=\"elementor-image-box-wrapper\"><figure class=\"elementor-image-box-img\"><a href=\"https:\/\/www.oe-kinderschutzzentren.at\/zentren\/zentren-vor-ort\/\" target=\"_blank\" rel=\"nofollow\" tabindex=\"-1\"><img loading=\"lazy\" decoding=\"async\" width=\"135\" height=\"92\" src=\"https:\/\/schoolsforsense.eu\/wp-content\/uploads\/2024\/06\/g8.png\" class=\"attachment-full size-full wp-image-1363\" alt=\"\" srcset=\"https:\/\/schoolsforsense.eu\/wp-content\/uploads\/2024\/06\/g8.png 135w, https:\/\/schoolsforsense.eu\/wp-content\/uploads\/2024\/06\/g8-18x12.png 18w\" sizes=\"(max-width: 135px) 100vw, 135px\" \/><\/a><\/figure><div class=\"elementor-image-box-content\"><h3 class=\"elementor-image-box-title\"><a href=\"https:\/\/www.oe-kinderschutzzentren.at\/zentren\/zentren-vor-ort\/\" target=\"_blank\" rel=\"nofollow\">Kinderschutzzentren<\/a><\/h3><p class=\"elementor-image-box-description\">Akuthilfe und Beratung f\u00fcr von Gewalt betroffene Kinder und Jugendliche<\/p><\/div><\/div>\t\t\t\t<\/div>\n\t\t\t\t<\/div>\n\t\t\t\t\t<\/div>\n\t\t\t\t<\/div>\n\t\t\t\t<div class=\"elementor-element elementor-element-6957521 elementor-widget elementor-widget-heading\" data-id=\"6957521\" data-element_type=\"widget\" data-widget_type=\"heading.default\">\n\t\t\t\t<div class=\"elementor-widget-container\">\n\t\t\t\t\t<h3 class=\"elementor-heading-title elementor-size-default\">Burgenland<\/h3>\t\t\t\t<\/div>\n\t\t\t\t<\/div>\n\t\t<div class=\"elementor-element elementor-element-af0a869 e-grid e-con-boxed wpr-particle-no wpr-jarallax-no wpr-parallax-no wpr-sticky-section-no wpr-equal-height-no e-con e-child\" data-id=\"af0a869\" data-element_type=\"container\" data-settings=\"{&quot;_ha_eqh_enable&quot;:false}\">\n\t\t\t\t\t<div class=\"e-con-inner\">\n\t\t\t\t<div class=\"elementor-element elementor-element-f9d9545 elementor-position-top ha-has-bg-overlay elementor-widget elementor-widget-image-box\" data-id=\"f9d9545\" data-element_type=\"widget\" data-widget_type=\"image-box.default\">\n\t\t\t\t<div class=\"elementor-widget-container\">\n\t\t\t\t\t<div class=\"elementor-image-box-wrapper\"><figure class=\"elementor-image-box-img\"><a href=\"http:\/\/www.bildung-bgld.gv.at\/service\/schulpsychologie\/beratungsstellen\" target=\"_blank\" rel=\"nofollow\" tabindex=\"-1\"><img loading=\"lazy\" decoding=\"async\" width=\"163\" height=\"163\" src=\"https:\/\/schoolsforsense.eu\/wp-content\/uploads\/2024\/06\/g9.png\" class=\"attachment-full size-full wp-image-1362\" alt=\"\" srcset=\"https:\/\/schoolsforsense.eu\/wp-content\/uploads\/2024\/06\/g9.png 163w, https:\/\/schoolsforsense.eu\/wp-content\/uploads\/2024\/06\/g9-150x150.png 150w, https:\/\/schoolsforsense.eu\/wp-content\/uploads\/2024\/06\/g9-12x12.png 12w\" sizes=\"(max-width: 163px) 100vw, 163px\" \/><\/a><\/figure><div class=\"elementor-image-box-content\"><h3 class=\"elementor-image-box-title\"><a href=\"http:\/\/www.bildung-bgld.gv.at\/service\/schulpsychologie\/beratungsstellen\" target=\"_blank\" rel=\"nofollow\">Bildungsdirektion f\u00fcr Burgenland\/Abteilung Schulpsychologie<\/a><\/h3><p class=\"elementor-image-box-description\">HR Mag. Klaus Fandl<br>\nKernausteig 3, 7000 Eisenstadt<br>\nTel.:02682\/710-1013<br>\nE-Mail: klaus.fandl@bildung-bgld.gv.at <br>\n<a href=\"www.bildung-bgld.gv.at\/service\/schulpsychologie\/beratungsstellen\" target=\"_blank\">www.bildung-bgld.gv.at\/service\/schulpsychologie\/beratungsstellen <\/a><\/p><\/div><\/div>\t\t\t\t<\/div>\n\t\t\t\t<\/div>\n\t\t\t\t<div class=\"elementor-element elementor-element-d20ba28 elementor-position-top ha-has-bg-overlay elementor-widget elementor-widget-image-box\" data-id=\"d20ba28\" data-element_type=\"widget\" data-widget_type=\"image-box.default\">\n\t\t\t\t<div class=\"elementor-widget-container\">\n\t\t\t\t\t<div class=\"elementor-image-box-wrapper\"><figure class=\"elementor-image-box-img\"><a href=\"https:\/\/www.gesundheitskasse.at\/cdscontent\/?contentid=10007.888421&#038;portal=oegkportal\" target=\"_blank\" rel=\"nofollow\" tabindex=\"-1\"><img loading=\"lazy\" decoding=\"async\" width=\"233\" height=\"81\" src=\"https:\/\/schoolsforsense.eu\/wp-content\/uploads\/2024\/06\/g10.png\" class=\"attachment-full size-full wp-image-1361\" alt=\"\" srcset=\"https:\/\/schoolsforsense.eu\/wp-content\/uploads\/2024\/06\/g10.png 233w, https:\/\/schoolsforsense.eu\/wp-content\/uploads\/2024\/06\/g10-18x6.png 18w\" sizes=\"(max-width: 233px) 100vw, 233px\" \/><\/a><\/figure><div class=\"elementor-image-box-content\"><h3 class=\"elementor-image-box-title\"><a href=\"https:\/\/www.gesundheitskasse.at\/cdscontent\/?contentid=10007.888421&#038;portal=oegkportal\" target=\"_blank\" rel=\"nofollow\">Servicestelle Gesunde Schule der \u00d6GK Burgenland<\/a><\/h3><p class=\"elementor-image-box-description\">Tel.: 050766-131712<br>\nE-Mail: schule-13@oegk.at <br>\n<a href=\"https:\/\/www.gesundheitskasse.at\/cdscontent\/?contentid=10007.888421&portal=oegkportal\" target=\"_blank\">https:\/\/www.gesundheitskasse.at\/cdscontent\/?contentid=10007.888421&portal=oegkportal<\/a><\/p><\/div><\/div>\t\t\t\t<\/div>\n\t\t\t\t<\/div>\n\t\t\t\t<div class=\"elementor-element elementor-element-0745953 elementor-position-top ha-has-bg-overlay elementor-widget elementor-widget-image-box\" data-id=\"0745953\" data-element_type=\"widget\" data-widget_type=\"image-box.default\">\n\t\t\t\t<div class=\"elementor-widget-container\">\n\t\t\t\t\t<div class=\"elementor-image-box-wrapper\"><figure class=\"elementor-image-box-img\"><a href=\"http:\/\/www.ph-burgenland.at\/pph-burgenland\/organisationseinheiten\/zentrum-fuer-gewalt-und-mobbingpraevention-und-persoenlichkeitsbildung\" target=\"_blank\" rel=\"nofollow\" tabindex=\"-1\"><img loading=\"lazy\" decoding=\"async\" width=\"214\" height=\"152\" src=\"https:\/\/schoolsforsense.eu\/wp-content\/uploads\/2024\/06\/g11.png\" class=\"attachment-full size-full wp-image-1360\" alt=\"\" srcset=\"https:\/\/schoolsforsense.eu\/wp-content\/uploads\/2024\/06\/g11.png 214w, https:\/\/schoolsforsense.eu\/wp-content\/uploads\/2024\/06\/g11-18x12.png 18w\" sizes=\"(max-width: 214px) 100vw, 214px\" \/><\/a><\/figure><div class=\"elementor-image-box-content\"><h3 class=\"elementor-image-box-title\"><a href=\"http:\/\/www.ph-burgenland.at\/pph-burgenland\/organisationseinheiten\/zentrum-fuer-gewalt-und-mobbingpraevention-und-persoenlichkeitsbildung\" target=\"_blank\" rel=\"nofollow\">Private P\u00e4dagogische Hochschule Burgenland<\/a><\/h3><p class=\"elementor-image-box-description\">Zentrum f\u00fcr Gewalt- und Mobbingpr\u00e4vention und Pers\u00f6nlichkeitsbildung<br>\nMMag. Florian Wallner<br>\nTel.: 0676\/3789970<br>\nE-Mail: florian.wallner@ph-burgenland.at <br>\n<a href=\"www.ph-burgenland.at\/pph-burgenland\/organisationseinheiten\/zentrum-fuer-gewalt-und-mobbingpraevention-und-persoenlichkeitsbildung\" target=_blank\">www.ph-burgenland.at\/pph-burgenland\/organisationseinheiten\/zentrum-fuer-gewalt-und-mobbingpraevention-und-persoenlichkeitsbildung<\/a><br>\nAngebote:\n<ul>\n<li>P\u00e4dagogische Beziehungsgestaltung und Begleitung<li>\n<li>Peer-Learning<\/li>\n<li>Konstruktive Konfliktbearbeitung<\/li>\n<li>F\u00f6rderung von Pers\u00f6nlichkeitsbildung und Pers\u00f6nlichkeitsst\u00e4rkung<\/li>\n<li>Gewalt- und Mobbingpr\u00e4vention<\/li>\n<li>Methoden, Modelle und Umsetzungsm\u00f6glichkeiten der F\u00f6rderung personaler, sozialer und emotionaler Kompetenzen<\/li>\n<\/ul><\/p><\/div><\/div>\t\t\t\t<\/div>\n\t\t\t\t<\/div>\n\t\t\t\t\t<\/div>\n\t\t\t\t<\/div>\n\t\t\t\t<div class=\"elementor-element elementor-element-06e94e1 elementor-widget elementor-widget-heading\" data-id=\"06e94e1\" data-element_type=\"widget\" data-widget_type=\"heading.default\">\n\t\t\t\t<div class=\"elementor-widget-container\">\n\t\t\t\t\t<h3 class=\"elementor-heading-title elementor-size-default\">K\u00e4rnten<\/h3>\t\t\t\t<\/div>\n\t\t\t\t<\/div>\n\t\t<div class=\"elementor-element elementor-element-e7a5606 e-grid e-con-boxed wpr-particle-no wpr-jarallax-no wpr-parallax-no wpr-sticky-section-no wpr-equal-height-no e-con e-child\" data-id=\"e7a5606\" data-element_type=\"container\" data-settings=\"{&quot;_ha_eqh_enable&quot;:false}\">\n\t\t\t\t\t<div class=\"e-con-inner\">\n\t\t\t\t<div class=\"elementor-element elementor-element-55a2a7f elementor-position-top ha-has-bg-overlay elementor-widget elementor-widget-image-box\" data-id=\"55a2a7f\" data-element_type=\"widget\" data-widget_type=\"image-box.default\">\n\t\t\t\t<div class=\"elementor-widget-container\">\n\t\t\t\t\t<div class=\"elementor-image-box-wrapper\"><figure class=\"elementor-image-box-img\"><a href=\"http:\/\/www.bildung-ktn.gv.at\/Beratung\/SchulpsychologieKaernten\/Willkommen.html\" target=\"_blank\" rel=\"nofollow\" tabindex=\"-1\"><img loading=\"lazy\" decoding=\"async\" width=\"273\" height=\"41\" src=\"https:\/\/schoolsforsense.eu\/wp-content\/uploads\/2024\/06\/g12.png\" class=\"attachment-full size-full wp-image-1359\" alt=\"\" srcset=\"https:\/\/schoolsforsense.eu\/wp-content\/uploads\/2024\/06\/g12.png 273w, https:\/\/schoolsforsense.eu\/wp-content\/uploads\/2024\/06\/g12-18x3.png 18w\" sizes=\"(max-width: 273px) 100vw, 273px\" \/><\/a><\/figure><div class=\"elementor-image-box-content\"><h3 class=\"elementor-image-box-title\"><a href=\"http:\/\/www.bildung-ktn.gv.at\/Beratung\/SchulpsychologieKaernten\/Willkommen.html\" target=\"_blank\" rel=\"nofollow\">Bildungsdirektion f\u00fcr K\u00e4rnten<\/a><\/h3><p class=\"elementor-image-box-description\">Abteilung Schulpsychologie<br>\nMag. Ina Tremschnig<br>\nKaufmanngasse 8, 9020 Klagenfurt<br>\nTel.: 050 534-14001<br>\nE-Mail: abteilung4@bildung-ktn.gv.at <br>\n<a href=\"www.bildung-ktn.gv.at\/Beratung\/SchulpsychologieKaernten\/Willkommen.html \" target=\"_blank\">www.bildung-ktn.gv.at\/Beratung\/SchulpsychologieKaernten\/Willkommen.html <\/a><\/p><\/div><\/div>\t\t\t\t<\/div>\n\t\t\t\t<\/div>\n\t\t\t\t<div class=\"elementor-element elementor-element-b1c0a40 elementor-position-top ha-has-bg-overlay elementor-widget elementor-widget-image-box\" data-id=\"b1c0a40\" data-element_type=\"widget\" data-widget_type=\"image-box.default\">\n\t\t\t\t<div class=\"elementor-widget-container\">\n\t\t\t\t\t<div class=\"elementor-image-box-wrapper\"><figure class=\"elementor-image-box-img\"><a href=\"https:\/\/www.gesundheitskasse.at\/cdscontent\/?contentid=10007.878205&#038;portal=oegkportal\" target=\"_blank\" rel=\"nofollow\" tabindex=\"-1\"><img loading=\"lazy\" decoding=\"async\" width=\"234\" height=\"86\" src=\"https:\/\/schoolsforsense.eu\/wp-content\/uploads\/2024\/06\/g13.png\" class=\"attachment-full size-full wp-image-1358\" alt=\"\" srcset=\"https:\/\/schoolsforsense.eu\/wp-content\/uploads\/2024\/06\/g13.png 234w, https:\/\/schoolsforsense.eu\/wp-content\/uploads\/2024\/06\/g13-18x7.png 18w\" sizes=\"(max-width: 234px) 100vw, 234px\" \/><\/a><\/figure><div class=\"elementor-image-box-content\"><h3 class=\"elementor-image-box-title\"><a href=\"https:\/\/www.gesundheitskasse.at\/cdscontent\/?contentid=10007.878205&#038;portal=oegkportal\" target=\"_blank\" rel=\"nofollow\">Servicestelle Gesunde Schule der \u00d6GK K\u00e4rnten<\/a><\/h3><p class=\"elementor-image-box-description\">Tel.: 050766-162123<br>\nE-Mail: schule-16@oegk.at <br>\n<a href=\"https:\/\/www.gesundheitskasse.at\/cdscontent\/?contentid=10007.878205&portal=oegkportal\" target=\"_blank\">https:\/\/www.gesundheitskasse.at\/cdscontent\/?contentid=10007.878205&portal=oegkportal<\/a><\/p><\/div><\/div>\t\t\t\t<\/div>\n\t\t\t\t<\/div>\n\t\t\t\t<div class=\"elementor-element elementor-element-af371a9 elementor-position-top ha-has-bg-overlay elementor-widget elementor-widget-image-box\" data-id=\"af371a9\" data-element_type=\"widget\" data-widget_type=\"image-box.default\">\n\t\t\t\t<div class=\"elementor-widget-container\">\n\t\t\t\t\t<div class=\"elementor-image-box-wrapper\"><figure class=\"elementor-image-box-img\"><a href=\"http:\/\/www.gesundheitsland.at\/arbeitsfelder\/gesunde-schule\" target=\"_blank\" rel=\"nofollow\" tabindex=\"-1\"><img loading=\"lazy\" decoding=\"async\" width=\"302\" height=\"146\" src=\"https:\/\/schoolsforsense.eu\/wp-content\/uploads\/2024\/06\/g14.png\" class=\"attachment-full size-full wp-image-1357\" alt=\"\" srcset=\"https:\/\/schoolsforsense.eu\/wp-content\/uploads\/2024\/06\/g14.png 302w, https:\/\/schoolsforsense.eu\/wp-content\/uploads\/2024\/06\/g14-300x145.png 300w, https:\/\/schoolsforsense.eu\/wp-content\/uploads\/2024\/06\/g14-18x9.png 18w\" sizes=\"(max-width: 302px) 100vw, 302px\" \/><\/a><\/figure><div class=\"elementor-image-box-content\"><h3 class=\"elementor-image-box-title\"><a href=\"http:\/\/www.gesundheitsland.at\/arbeitsfelder\/gesunde-schule\" target=\"_blank\" rel=\"nofollow\">Gesunde Schule \u2013 Projekt<\/a><\/h3><p class=\"elementor-image-box-description\">Gesundheitsland K\u00e4rnten<br>\nDipl.P\u00e4d. Gabriela Zwipp MPH<br>\nTel.: 050536-15142<br>\nE-Mail: gabriela.zwipp@ktn.gv.at <br>\n<a href=\"www.gesundheitsland.at\/arbeitsfelder\/gesunde-schule\" target=\"_blank\">www.gesundheitsland.at\/arbeitsfelder\/gesunde-schule<\/a><\/p><\/div><\/div>\t\t\t\t<\/div>\n\t\t\t\t<\/div>\n\t\t\t\t\t<\/div>\n\t\t\t\t<\/div>\n\t\t\t\t<div class=\"elementor-element elementor-element-8098d74 elementor-widget elementor-widget-heading\" data-id=\"8098d74\" data-element_type=\"widget\" data-widget_type=\"heading.default\">\n\t\t\t\t<div class=\"elementor-widget-container\">\n\t\t\t\t\t<h3 class=\"elementor-heading-title elementor-size-default\">Nieder\u00f6sterreich<\/h3>\t\t\t\t<\/div>\n\t\t\t\t<\/div>\n\t\t<div class=\"elementor-element elementor-element-170887c e-grid e-con-boxed wpr-particle-no wpr-jarallax-no wpr-parallax-no wpr-sticky-section-no wpr-equal-height-no e-con e-child\" data-id=\"170887c\" data-element_type=\"container\" data-settings=\"{&quot;_ha_eqh_enable&quot;:false}\">\n\t\t\t\t\t<div class=\"e-con-inner\">\n\t\t\t\t<div class=\"elementor-element elementor-element-03bff2c elementor-position-top ha-has-bg-overlay elementor-widget elementor-widget-image-box\" data-id=\"03bff2c\" data-element_type=\"widget\" data-widget_type=\"image-box.default\">\n\t\t\t\t<div class=\"elementor-widget-container\">\n\t\t\t\t\t<div class=\"elementor-image-box-wrapper\"><figure class=\"elementor-image-box-img\"><a href=\"http:\/\/www.bildung-noe.gv.at\/Schule-und-Unterricht\/Schulpsychologie0.html\" target=\"_blank\" rel=\"nofollow\" tabindex=\"-1\"><img loading=\"lazy\" decoding=\"async\" width=\"294\" height=\"71\" src=\"https:\/\/schoolsforsense.eu\/wp-content\/uploads\/2024\/06\/g15.png\" class=\"attachment-full size-full wp-image-1356\" alt=\"\" srcset=\"https:\/\/schoolsforsense.eu\/wp-content\/uploads\/2024\/06\/g15.png 294w, https:\/\/schoolsforsense.eu\/wp-content\/uploads\/2024\/06\/g15-18x4.png 18w\" sizes=\"(max-width: 294px) 100vw, 294px\" \/><\/a><\/figure><div class=\"elementor-image-box-content\"><h3 class=\"elementor-image-box-title\"><a href=\"http:\/\/www.bildung-noe.gv.at\/Schule-und-Unterricht\/Schulpsychologie0.html\" target=\"_blank\" rel=\"nofollow\">Bildungsdirektion f\u00fcr Nieder\u00f6sterreich<\/a><\/h3><p class=\"elementor-image-box-description\">Abteilung Schulpsychologie<br>\nMag. Beate Wais <br>\nRennbahnstr. 29, 3109 St. P\u00f6lten<br>\nTel.: 02742\/280-4700<br>\nE-Mail: beate.wais@bildung-noe.gv.at <br>\n<a href=\"www.bildung-noe.gv.at\/Schule-und-Unterricht\/Schulpsychologie0.html\" target=\"_blank\">www.bildung-noe.gv.at\/Schule-und-Unterricht\/Schulpsychologie0.html<\/a> <\/p><\/div><\/div>\t\t\t\t<\/div>\n\t\t\t\t<\/div>\n\t\t\t\t<div class=\"elementor-element elementor-element-1dbdb81 elementor-position-top ha-has-bg-overlay elementor-widget elementor-widget-image-box\" data-id=\"1dbdb81\" data-element_type=\"widget\" data-widget_type=\"image-box.default\">\n\t\t\t\t<div class=\"elementor-widget-container\">\n\t\t\t\t\t<div class=\"elementor-image-box-wrapper\"><figure class=\"elementor-image-box-img\"><a href=\"https:\/\/kphvie.ac.at\/schulen-beraten\/gesundheitsfoerderung-und-berufszufriedenheit-kompass.html\" target=\"_blank\" rel=\"nofollow\" tabindex=\"-1\"><img loading=\"lazy\" decoding=\"async\" width=\"146\" height=\"146\" src=\"https:\/\/schoolsforsense.eu\/wp-content\/uploads\/2024\/06\/g16.png\" class=\"attachment-full size-full wp-image-1355\" alt=\"\" srcset=\"https:\/\/schoolsforsense.eu\/wp-content\/uploads\/2024\/06\/g16.png 146w, https:\/\/schoolsforsense.eu\/wp-content\/uploads\/2024\/06\/g16-12x12.png 12w\" sizes=\"(max-width: 146px) 100vw, 146px\" \/><\/a><\/figure><div class=\"elementor-image-box-content\"><h3 class=\"elementor-image-box-title\"><a href=\"https:\/\/kphvie.ac.at\/schulen-beraten\/gesundheitsfoerderung-und-berufszufriedenheit-kompass.html\" target=\"_blank\" rel=\"nofollow\">Kirchlich p\u00e4dagogische Hochschule Wien\/Krems<\/a><\/h3><p class=\"elementor-image-box-description\">Beratungszentrum f\u00fcr Gesundheitsf\u00f6rderung und Berufszufriedenheit - KOMPASS<br>\nKatharina Hanyka, BEd MA MSc<br>\nE-Mail: katharina.hanyka@kphvie.ac.at<br> \n<a href=\"https:\/\/kphvie.ac.at\/schulen-beraten\/gesundheitsfoerderung-und-berufszufriedenheit-kompass.html\" target=\"_blank\">https:\/\/kphvie.ac.at\/schulen-beraten\/gesundheitsfoerderung-und-berufszufriedenheit-kompass.html<\/a><br>\nAngebote:\n<ul>\n<li>Fortbildungsangebote<\/li>\n<li>Schulentwicklungsbegleitung mit Fokus<\/li>\n<li>Gesundheit<\/li>\n<li>Supervision<\/li>\n<li>Coaching<\/li>\n<li>SCHILF\/SCH\u00dcLF zu psychischer und physischer Gesundheit sowie sozialer Beziehungskultur<\/li>\n<\/ul><\/p><\/div><\/div>\t\t\t\t<\/div>\n\t\t\t\t<\/div>\n\t\t\t\t<div class=\"elementor-element elementor-element-4bce18a elementor-position-top ha-has-bg-overlay elementor-widget elementor-widget-image-box\" data-id=\"4bce18a\" data-element_type=\"widget\" data-widget_type=\"image-box.default\">\n\t\t\t\t<div class=\"elementor-widget-container\">\n\t\t\t\t\t<div class=\"elementor-image-box-wrapper\"><figure class=\"elementor-image-box-img\"><a href=\"https:\/\/www.gesundheitskasse.at\/cdscontent\/?contentid=10007.879038&#038;portal=oegkportal\" target=\"_blank\" rel=\"nofollow\" tabindex=\"-1\"><img loading=\"lazy\" decoding=\"async\" width=\"234\" height=\"86\" src=\"https:\/\/schoolsforsense.eu\/wp-content\/uploads\/2024\/06\/g17.png\" class=\"attachment-full size-full wp-image-1354\" alt=\"\" srcset=\"https:\/\/schoolsforsense.eu\/wp-content\/uploads\/2024\/06\/g17.png 234w, https:\/\/schoolsforsense.eu\/wp-content\/uploads\/2024\/06\/g17-18x7.png 18w\" sizes=\"(max-width: 234px) 100vw, 234px\" \/><\/a><\/figure><div class=\"elementor-image-box-content\"><h3 class=\"elementor-image-box-title\"><a href=\"https:\/\/www.gesundheitskasse.at\/cdscontent\/?contentid=10007.879038&#038;portal=oegkportal\" target=\"_blank\" rel=\"nofollow\">Servicestelle gesunde Schule der \u00d6GK Nieder\u00f6sterreich<\/a><\/h3><p class=\"elementor-image-box-description\">Tel.: 050766-126206<br>\nE-Mail: schule-12@oegk.at  <br>\n<a href=\"https:\/\/www.gesundheitskasse.at\/cdscontent\/?contentid=10007.879038&portal=oegkportal\" target=\"_blank\">https:\/\/www.gesundheitskasse.at\/cdscontent\/?contentid=10007.879038&portal=oegkportal <\/a><\/p><\/div><\/div>\t\t\t\t<\/div>\n\t\t\t\t<\/div>\n\t\t\t\t<div class=\"elementor-element elementor-element-30fcc04 elementor-position-top ha-has-bg-overlay elementor-widget elementor-widget-image-box\" data-id=\"30fcc04\" data-element_type=\"widget\" data-widget_type=\"image-box.default\">\n\t\t\t\t<div class=\"elementor-widget-container\">\n\t\t\t\t\t<div class=\"elementor-image-box-wrapper\"><figure class=\"elementor-image-box-img\"><a href=\"http:\/\/www.noetutgut.at\/angebote\/gesunde-schule\" target=\"_blank\" rel=\"nofollow\" tabindex=\"-1\"><img loading=\"lazy\" decoding=\"async\" width=\"104\" height=\"104\" src=\"https:\/\/schoolsforsense.eu\/wp-content\/uploads\/2024\/06\/g18.png\" class=\"attachment-full size-full wp-image-1353\" alt=\"\" srcset=\"https:\/\/schoolsforsense.eu\/wp-content\/uploads\/2024\/06\/g18.png 104w, https:\/\/schoolsforsense.eu\/wp-content\/uploads\/2024\/06\/g18-12x12.png 12w\" sizes=\"(max-width: 104px) 100vw, 104px\" \/><\/a><\/figure><div class=\"elementor-image-box-content\"><h3 class=\"elementor-image-box-title\"><a href=\"http:\/\/www.noetutgut.at\/angebote\/gesunde-schule\" target=\"_blank\" rel=\"nofollow\">Gesunde Schule \u2013 Programm<\/a><\/h3><p class=\"elementor-image-box-description\">\u201eTut gut!\u201c Gesundheitsvorsorge GmbH <br>\nInge Eder, MA, MA<br>\nTel.: 0676\/85870-34312<br>\nE-Mail: inge.eder@noetutgut.at <br>\n<a href=\"www.noetutgut.at\/angebote\/gesunde-schule\" target=\"_blank\">www.noetutgut.at\/angebote\/gesunde-schule<\/a><\/p><\/div><\/div>\t\t\t\t<\/div>\n\t\t\t\t<\/div>\n\t\t\t\t\t<\/div>\n\t\t\t\t<\/div>\n\t\t\t\t<div class=\"elementor-element elementor-element-5d7cda6 elementor-widget elementor-widget-heading\" data-id=\"5d7cda6\" data-element_type=\"widget\" data-widget_type=\"heading.default\">\n\t\t\t\t<div class=\"elementor-widget-container\">\n\t\t\t\t\t<h3 class=\"elementor-heading-title elementor-size-default\">Ober\u00f6sterreich<\/h3>\t\t\t\t<\/div>\n\t\t\t\t<\/div>\n\t\t<div class=\"elementor-element elementor-element-7387612 e-grid e-con-boxed wpr-particle-no wpr-jarallax-no wpr-parallax-no wpr-sticky-section-no wpr-equal-height-no e-con e-child\" data-id=\"7387612\" data-element_type=\"container\" data-settings=\"{&quot;_ha_eqh_enable&quot;:false}\">\n\t\t\t\t\t<div class=\"e-con-inner\">\n\t\t\t\t<div class=\"elementor-element elementor-element-0dbc688 elementor-position-top ha-has-bg-overlay elementor-widget elementor-widget-image-box\" data-id=\"0dbc688\" data-element_type=\"widget\" data-widget_type=\"image-box.default\">\n\t\t\t\t<div class=\"elementor-widget-container\">\n\t\t\t\t\t<div class=\"elementor-image-box-wrapper\"><figure class=\"elementor-image-box-img\"><a href=\"http:\/\/www.bildung-ooe.gv.at\/Schule-und-Unterricht\/Schulpsychologie.html\" target=\"_blank\" rel=\"nofollow\" tabindex=\"-1\"><img loading=\"lazy\" decoding=\"async\" width=\"250\" height=\"41\" src=\"https:\/\/schoolsforsense.eu\/wp-content\/uploads\/2024\/06\/g19.png\" class=\"attachment-full size-full wp-image-1352\" alt=\"\" srcset=\"https:\/\/schoolsforsense.eu\/wp-content\/uploads\/2024\/06\/g19.png 250w, https:\/\/schoolsforsense.eu\/wp-content\/uploads\/2024\/06\/g19-18x3.png 18w\" sizes=\"(max-width: 250px) 100vw, 250px\" \/><\/a><\/figure><div class=\"elementor-image-box-content\"><h3 class=\"elementor-image-box-title\"><a href=\"http:\/\/www.bildung-ooe.gv.at\/Schule-und-Unterricht\/Schulpsychologie.html\" target=\"_blank\" rel=\"nofollow\">Bildungsdirektion f\u00fcr Ober\u00f6sterreich<\/a><\/h3><p class=\"elementor-image-box-description\">Abteilung Schulpsychologie<br>\nMag. Katharina Renner-Spitzbart <br>\nSonnensteinstr. 20, 4040 Linz<br>\nTel.: 0732\/7071-2331<br>\nE-Mail: schulpsychologie@bildung-ooe.gv.at <br>\n<a href=\"www.bildung-ooe.gv.at\/Schule-und-Unterricht\/Schulpsychologie.html\" target=_blank\">www.bildung-ooe.gv.at\/Schule-und-Unterricht\/Schulpsychologie.html <\/a><\/p><\/div><\/div>\t\t\t\t<\/div>\n\t\t\t\t<\/div>\n\t\t\t\t<div class=\"elementor-element elementor-element-1e59fcc elementor-position-top ha-has-bg-overlay elementor-widget elementor-widget-image-box\" data-id=\"1e59fcc\" data-element_type=\"widget\" data-widget_type=\"image-box.default\">\n\t\t\t\t<div class=\"elementor-widget-container\">\n\t\t\t\t\t<div class=\"elementor-image-box-wrapper\"><figure class=\"elementor-image-box-img\"><a href=\"http:\/\/www.bildung-ooe.gv.at\/Schule-und-Unterricht\/Schulgesundheit\/Gesunde-Schule.html\" target=\"_blank\" rel=\"nofollow\" tabindex=\"-1\"><img loading=\"lazy\" decoding=\"async\" width=\"317\" height=\"70\" src=\"https:\/\/schoolsforsense.eu\/wp-content\/uploads\/2024\/06\/g20.png\" class=\"attachment-full size-full wp-image-1351\" alt=\"\" srcset=\"https:\/\/schoolsforsense.eu\/wp-content\/uploads\/2024\/06\/g20.png 317w, https:\/\/schoolsforsense.eu\/wp-content\/uploads\/2024\/06\/g20-300x66.png 300w, https:\/\/schoolsforsense.eu\/wp-content\/uploads\/2024\/06\/g20-18x4.png 18w\" sizes=\"(max-width: 317px) 100vw, 317px\" \/><\/a><\/figure><div class=\"elementor-image-box-content\"><h3 class=\"elementor-image-box-title\"><a href=\"http:\/\/www.bildung-ooe.gv.at\/Schule-und-Unterricht\/Schulgesundheit\/Gesunde-Schule.html\" target=\"_blank\" rel=\"nofollow\">Gesunde Schule O\u00d6<\/a><\/h3><p class=\"elementor-image-box-description\">Eine Initiative der \u00d6GK O\u00d6, des Landes O\u00d6 und der Bildungsdirektion O\u00d6 <br>\nTel.: 0732\/7071-2151<br>\nAnnemarie Thallner<br>\nE-Mail: annemarie.thallner@bildung-ooe.gv.at <br>\n<a href=\"www.bildung-ooe.gv.at\/Schule-und-Unterricht\/Schulgesundheit\/Gesunde-Schule.html\" target=\"_blank\">www.bildung-ooe.gv.at\/Schule-und-Unterricht\/Schulgesundheit\/Gesunde-Schule.html<\/a><\/p><\/div><\/div>\t\t\t\t<\/div>\n\t\t\t\t<\/div>\n\t\t\t\t<div class=\"elementor-element elementor-element-b4653b4 elementor-position-top ha-has-bg-overlay elementor-widget elementor-widget-image-box\" data-id=\"b4653b4\" data-element_type=\"widget\" data-widget_type=\"image-box.default\">\n\t\t\t\t<div class=\"elementor-widget-container\">\n\t\t\t\t\t<div class=\"elementor-image-box-wrapper\"><figure class=\"elementor-image-box-img\"><a href=\"https:\/\/www.gesundheitskasse.at\/cdscontent\/?contentid=10007.898680&#038;portal=oegkportal\" target=\"_blank\" rel=\"nofollow\" tabindex=\"-1\"><img loading=\"lazy\" decoding=\"async\" width=\"236\" height=\"84\" src=\"https:\/\/schoolsforsense.eu\/wp-content\/uploads\/2024\/06\/g21.png\" class=\"attachment-full size-full wp-image-1350\" alt=\"\" srcset=\"https:\/\/schoolsforsense.eu\/wp-content\/uploads\/2024\/06\/g21.png 236w, https:\/\/schoolsforsense.eu\/wp-content\/uploads\/2024\/06\/g21-18x6.png 18w\" sizes=\"(max-width: 236px) 100vw, 236px\" \/><\/a><\/figure><div class=\"elementor-image-box-content\"><h3 class=\"elementor-image-box-title\"><a href=\"https:\/\/www.gesundheitskasse.at\/cdscontent\/?contentid=10007.898680&#038;portal=oegkportal\" target=\"_blank\" rel=\"nofollow\">Servicestelle Gesunde Schule der \u00d6GK Ober\u00f6sterreich<\/a><\/h3><p class=\"elementor-image-box-description\">Tel.: 050766-14103511<br>\nE-Mail: schule-14@oegk.at <br>\n<a href=\"https:\/\/www.gesundheitskasse.at\/cdscontent\/?contentid=10007.898680&portal=oegkportal\" target=\"_blank\">https:\/\/www.gesundheitskasse.at\/cdscontent\/?contentid=10007.898680&portal=oegkportal<\/a><\/p><\/div><\/div>\t\t\t\t<\/div>\n\t\t\t\t<\/div>\n\t\t\t\t<div class=\"elementor-element elementor-element-93b6b67 elementor-position-top ha-has-bg-overlay elementor-widget elementor-widget-image-box\" data-id=\"93b6b67\" data-element_type=\"widget\" data-widget_type=\"image-box.default\">\n\t\t\t\t<div class=\"elementor-widget-container\">\n\t\t\t\t\t<div class=\"elementor-image-box-wrapper\"><figure class=\"elementor-image-box-img\"><a href=\"https:\/\/www.krisenhilfeooe.at\/\" target=\"_blank\" rel=\"nofollow\" tabindex=\"-1\"><img loading=\"lazy\" decoding=\"async\" width=\"233\" height=\"60\" src=\"https:\/\/schoolsforsense.eu\/wp-content\/uploads\/2024\/06\/g22.png\" class=\"attachment-full size-full wp-image-1349\" alt=\"\" srcset=\"https:\/\/schoolsforsense.eu\/wp-content\/uploads\/2024\/06\/g22.png 233w, https:\/\/schoolsforsense.eu\/wp-content\/uploads\/2024\/06\/g22-18x5.png 18w\" sizes=\"(max-width: 233px) 100vw, 233px\" \/><\/a><\/figure><div class=\"elementor-image-box-content\"><h3 class=\"elementor-image-box-title\"><a href=\"https:\/\/www.krisenhilfeooe.at\/\" target=\"_blank\" rel=\"nofollow\">Krisenhilfe Ober\u00f6sterreich<\/a><\/h3><p class=\"elementor-image-box-description\">Rat und Hilfe bei psychischen Krisen rund um die Uhr<br>\nTel.: 0732\/2177<br>\n<a href=\"https:\/\/www.krisenhilfeooe.at\/\" target=\"_blank\">https:\/\/www.krisenhilfeooe.at\/ <\/a><\/p><\/div><\/div>\t\t\t\t<\/div>\n\t\t\t\t<\/div>\n\t\t\t\t\t<\/div>\n\t\t\t\t<\/div>\n\t\t\t\t<div class=\"elementor-element elementor-element-bfee302 elementor-widget elementor-widget-heading\" data-id=\"bfee302\" data-element_type=\"widget\" data-widget_type=\"heading.default\">\n\t\t\t\t<div class=\"elementor-widget-container\">\n\t\t\t\t\t<h3 class=\"elementor-heading-title elementor-size-default\">Salzburg<\/h3>\t\t\t\t<\/div>\n\t\t\t\t<\/div>\n\t\t<div class=\"elementor-element elementor-element-4fa2d29 e-grid e-con-boxed wpr-particle-no wpr-jarallax-no wpr-parallax-no wpr-sticky-section-no wpr-equal-height-no e-con e-child\" data-id=\"4fa2d29\" data-element_type=\"container\" data-settings=\"{&quot;_ha_eqh_enable&quot;:false}\">\n\t\t\t\t\t<div class=\"e-con-inner\">\n\t\t\t\t<div class=\"elementor-element elementor-element-965d2d6 elementor-position-top ha-has-bg-overlay elementor-widget elementor-widget-image-box\" data-id=\"965d2d6\" data-element_type=\"widget\" data-widget_type=\"image-box.default\">\n\t\t\t\t<div class=\"elementor-widget-container\">\n\t\t\t\t\t<div class=\"elementor-image-box-wrapper\"><figure class=\"elementor-image-box-img\"><a href=\"http:\/\/www.bildung-sbg.gv.at\/service\/schulpsychologie\/schulpsychologie.html\" target=\"_blank\" rel=\"nofollow\" tabindex=\"-1\"><img loading=\"lazy\" decoding=\"async\" width=\"281\" height=\"71\" src=\"https:\/\/schoolsforsense.eu\/wp-content\/uploads\/2024\/06\/g23.png\" class=\"attachment-full size-full wp-image-1348\" alt=\"\" srcset=\"https:\/\/schoolsforsense.eu\/wp-content\/uploads\/2024\/06\/g23.png 281w, https:\/\/schoolsforsense.eu\/wp-content\/uploads\/2024\/06\/g23-18x5.png 18w\" sizes=\"(max-width: 281px) 100vw, 281px\" \/><\/a><\/figure><div class=\"elementor-image-box-content\"><h3 class=\"elementor-image-box-title\"><a href=\"http:\/\/www.bildung-sbg.gv.at\/service\/schulpsychologie\/schulpsychologie.html\" target=\"_blank\" rel=\"nofollow\">Bildungsdirektion f\u00fcr Salzburg\/Abteilung Schulpsychologie<\/a><\/h3><p class=\"elementor-image-box-description\">HR Mag. Helene Maria Humer<br>\nMozartplatz 8-10\/III, 5020 Salzburg<br>\nTel.: 0662\/8083-5001<br>\nE-Mail: helene.humer@bildung-sbg.gv.at<br> \n<a href=\"www.bildung-sbg.gv.at\/service\/schulpsychologie\/schulpsychologie.html\" target=\"_blank\">www.bildung-sbg.gv.at\/service\/schulpsychologie\/schulpsychologie.html<\/a> <\/p><\/div><\/div>\t\t\t\t<\/div>\n\t\t\t\t<\/div>\n\t\t\t\t<div class=\"elementor-element elementor-element-f706005 elementor-position-top ha-has-bg-overlay elementor-widget elementor-widget-image-box\" data-id=\"f706005\" data-element_type=\"widget\" data-widget_type=\"image-box.default\">\n\t\t\t\t<div class=\"elementor-widget-container\">\n\t\t\t\t\t<div class=\"elementor-image-box-wrapper\"><figure class=\"elementor-image-box-img\"><a href=\"http:\/\/www.bildung-sbg.gv.at\/service\/lehrer-innengesundheit-land\/beratungszentrum-zeit-raum.html\" target=\"_blank\" rel=\"nofollow\" tabindex=\"-1\"><img loading=\"lazy\" decoding=\"async\" width=\"281\" height=\"70\" src=\"https:\/\/schoolsforsense.eu\/wp-content\/uploads\/2024\/06\/g24.png\" class=\"attachment-full size-full wp-image-1347\" alt=\"\" srcset=\"https:\/\/schoolsforsense.eu\/wp-content\/uploads\/2024\/06\/g24.png 281w, https:\/\/schoolsforsense.eu\/wp-content\/uploads\/2024\/06\/g24-18x4.png 18w\" sizes=\"(max-width: 281px) 100vw, 281px\" \/><\/a><\/figure><div class=\"elementor-image-box-content\"><h3 class=\"elementor-image-box-title\"><a href=\"http:\/\/www.bildung-sbg.gv.at\/service\/lehrer-innengesundheit-land\/beratungszentrum-zeit-raum.html\" target=\"_blank\" rel=\"nofollow\">Beratungszentrum zeit.raum<\/a><\/h3><p class=\"elementor-image-box-description\">Akademiestr. 23\/2. Stock\/Raum A2 31,\n5020 Salzburg<br>\nTel.: 0650\/2471014<br>\nMag. Claudia Winklhofer<br>\nE-Mail: zeit.raum@salzburg.at <br>\n<a href=\"www.bildung-sbg.gv.at\/service\/lehrer-innengesundheit-land\/beratungszentrum-zeit-raum.html\" target=\"_blank\">www.bildung-sbg.gv.at\/service\/lehrer-innengesundheit-land\/beratungszentrum-zeit-raum.html <\/a><br>\nAngebote:\n<ul>\n<li>Beratungsstelle f\u00fcr Pflichtschullehrer:innen und Leiter:innen von Pflichtschulen im Bundesland Salzburg<\/li>\n<li>Analyse & Bearbeitung von Themen im beruflichen Umfeld<\/li>\n<li>Coaching<\/li>\n<li>Supervision<\/li>\n<li>Mediation<\/li>\n<li>Krisenintervention<\/li>\n<li>Angebote im Einzelsetting oder f\u00fcr Teams<\/li>\n<\/ul><\/p><\/div><\/div>\t\t\t\t<\/div>\n\t\t\t\t<\/div>\n\t\t\t\t<div class=\"elementor-element elementor-element-6688380 elementor-position-top ha-has-bg-overlay elementor-widget elementor-widget-image-box\" data-id=\"6688380\" data-element_type=\"widget\" data-widget_type=\"image-box.default\">\n\t\t\t\t<div class=\"elementor-widget-container\">\n\t\t\t\t\t<div class=\"elementor-image-box-wrapper\"><figure class=\"elementor-image-box-img\"><a href=\"https:\/\/www.gesundheitskasse.at\/cdscontent\/?contentid=10007.879015&#038;portal=oegkportal\" target=\"_blank\" rel=\"nofollow\" tabindex=\"-1\"><img loading=\"lazy\" decoding=\"async\" width=\"236\" height=\"84\" src=\"https:\/\/schoolsforsense.eu\/wp-content\/uploads\/2024\/06\/g25.png\" class=\"attachment-full size-full wp-image-1346\" alt=\"\" srcset=\"https:\/\/schoolsforsense.eu\/wp-content\/uploads\/2024\/06\/g25.png 236w, https:\/\/schoolsforsense.eu\/wp-content\/uploads\/2024\/06\/g25-18x6.png 18w\" sizes=\"(max-width: 236px) 100vw, 236px\" \/><\/a><\/figure><div class=\"elementor-image-box-content\"><h3 class=\"elementor-image-box-title\"><a href=\"https:\/\/www.gesundheitskasse.at\/cdscontent\/?contentid=10007.879015&#038;portal=oegkportal\" target=\"_blank\" rel=\"nofollow\">Servicestelle gesunde Schule der \u00d6GK Saltzburg<\/a><\/h3><p class=\"elementor-image-box-description\">Tel.: 05 0766-171070<br>\nE-Mail: schule-14@oegk.at <br>\n<a href=\"https:\/\/www.gesundheitskasse.at\/cdscontent\/?contentid=10007.879015&portal=oegkportal\" target=\"_blank\">https:\/\/www.gesundheitskasse.at\/cdscontent\/?contentid=10007.879015&portal=oegkportal <\/a><\/p><\/div><\/div>\t\t\t\t<\/div>\n\t\t\t\t<\/div>\n\t\t\t\t\t<\/div>\n\t\t\t\t<\/div>\n\t\t\t\t<div class=\"elementor-element elementor-element-3ff7b3f elementor-widget elementor-widget-heading\" data-id=\"3ff7b3f\" data-element_type=\"widget\" data-widget_type=\"heading.default\">\n\t\t\t\t<div class=\"elementor-widget-container\">\n\t\t\t\t\t<h3 class=\"elementor-heading-title elementor-size-default\">Steiermark<\/h3>\t\t\t\t<\/div>\n\t\t\t\t<\/div>\n\t\t<div class=\"elementor-element elementor-element-89526ae e-grid e-con-boxed wpr-particle-no wpr-jarallax-no wpr-parallax-no wpr-sticky-section-no wpr-equal-height-no e-con e-child\" data-id=\"89526ae\" data-element_type=\"container\" data-settings=\"{&quot;_ha_eqh_enable&quot;:false}\">\n\t\t\t\t\t<div class=\"e-con-inner\">\n\t\t\t\t<div class=\"elementor-element elementor-element-aceacdc elementor-position-top ha-has-bg-overlay elementor-widget elementor-widget-image-box\" data-id=\"aceacdc\" data-element_type=\"widget\" data-widget_type=\"image-box.default\">\n\t\t\t\t<div class=\"elementor-widget-container\">\n\t\t\t\t\t<div class=\"elementor-image-box-wrapper\"><figure class=\"elementor-image-box-img\"><a href=\"http:\/\/www.bildung-stmk.gv.at\/service\/schulpsychologie.html\" target=\"_blank\" rel=\"nofollow\" tabindex=\"-1\"><img loading=\"lazy\" decoding=\"async\" width=\"257\" height=\"41\" src=\"https:\/\/schoolsforsense.eu\/wp-content\/uploads\/2024\/06\/g26.png\" class=\"attachment-full size-full wp-image-1345\" alt=\"\" srcset=\"https:\/\/schoolsforsense.eu\/wp-content\/uploads\/2024\/06\/g26.png 257w, https:\/\/schoolsforsense.eu\/wp-content\/uploads\/2024\/06\/g26-18x3.png 18w\" sizes=\"(max-width: 257px) 100vw, 257px\" \/><\/a><\/figure><div class=\"elementor-image-box-content\"><h3 class=\"elementor-image-box-title\"><a href=\"http:\/\/www.bildung-stmk.gv.at\/service\/schulpsychologie.html\" target=\"_blank\" rel=\"nofollow\">Bildungsdirektion f\u00fcr Steiermark\/Abteilung Schulpsychologie<\/a><\/h3><p class=\"elementor-image-box-description\">HR Dr. Josef Zollneritsch<br>\nK\u00f6rblergasse 23a, 8011 Graz<br>\nTel.: 05 0248 345-199<br>\nE-Mail: josef.zollneritsch@bildung-stmk.gv.at <br>\n<a href=\"www.bildung-stmk.gv.at\/service\/schulpsychologie.html\" target=\"_blank\">www.bildung-stmk.gv.at\/service\/schulpsychologie.html<\/a><\/p><\/div><\/div>\t\t\t\t<\/div>\n\t\t\t\t<\/div>\n\t\t\t\t<div class=\"elementor-element elementor-element-81273d4 elementor-position-top ha-has-bg-overlay elementor-widget elementor-widget-image-box\" data-id=\"81273d4\" data-element_type=\"widget\" data-widget_type=\"image-box.default\">\n\t\t\t\t<div class=\"elementor-widget-container\">\n\t\t\t\t\t<div class=\"elementor-image-box-wrapper\"><figure class=\"elementor-image-box-img\"><a href=\"https:\/\/www.gesundheitskasse.at\/cdscontent\/?contentid=10007.879353&#038;portal=oegkportal\" target=\"_blank\" rel=\"nofollow\" tabindex=\"-1\"><img loading=\"lazy\" decoding=\"async\" width=\"260\" height=\"85\" src=\"https:\/\/schoolsforsense.eu\/wp-content\/uploads\/2024\/06\/g27.png\" class=\"attachment-full size-full wp-image-1344\" alt=\"\" srcset=\"https:\/\/schoolsforsense.eu\/wp-content\/uploads\/2024\/06\/g27.png 260w, https:\/\/schoolsforsense.eu\/wp-content\/uploads\/2024\/06\/g27-18x6.png 18w\" sizes=\"(max-width: 260px) 100vw, 260px\" \/><\/a><\/figure><div class=\"elementor-image-box-content\"><h3 class=\"elementor-image-box-title\"><a href=\"https:\/\/www.gesundheitskasse.at\/cdscontent\/?contentid=10007.879353&#038;portal=oegkportal\" target=\"_blank\" rel=\"nofollow\">Servicestelle Gesunde Schule der \u00d6GK Steiermark<\/a><\/h3><p class=\"elementor-image-box-description\">Tel.: 050766-151526 <br>\nE-Mail: schule-15@oegk.at  <br>\n<a href=\"https:\/\/www.gesundheitskasse.at\/cdscontent\/?contentid=10007.879353&portal=oegkportal\" target=\"_blank\">https:\/\/www.gesundheitskasse.at\/cdscontent\/?contentid=10007.879353&portal=oegkportal<\/a><\/p><\/div><\/div>\t\t\t\t<\/div>\n\t\t\t\t<\/div>\n\t\t\t\t<div class=\"elementor-element elementor-element-8154035 elementor-position-top ha-has-bg-overlay elementor-widget elementor-widget-image-box\" data-id=\"8154035\" data-element_type=\"widget\" data-widget_type=\"image-box.default\">\n\t\t\t\t<div class=\"elementor-widget-container\">\n\t\t\t\t\t<div class=\"elementor-image-box-wrapper\"><figure class=\"elementor-image-box-img\"><a href=\"https:\/\/styriavitalis.at\/beratung-begleitung\/lbs-und-lehrlingshaus\/\" target=\"_blank\" rel=\"nofollow\" tabindex=\"-1\"><img loading=\"lazy\" decoding=\"async\" width=\"130\" height=\"85\" src=\"https:\/\/schoolsforsense.eu\/wp-content\/uploads\/2024\/06\/g28.png\" class=\"attachment-full size-full wp-image-1343\" alt=\"\" srcset=\"https:\/\/schoolsforsense.eu\/wp-content\/uploads\/2024\/06\/g28.png 130w, https:\/\/schoolsforsense.eu\/wp-content\/uploads\/2024\/06\/g28-18x12.png 18w\" sizes=\"(max-width: 130px) 100vw, 130px\" \/><\/a><\/figure><div class=\"elementor-image-box-content\"><h3 class=\"elementor-image-box-title\"><a href=\"https:\/\/styriavitalis.at\/beratung-begleitung\/lbs-und-lehrlingshaus\/\" target=\"_blank\" rel=\"nofollow\">Gesunde Schule Steiermark<\/a><\/h3><p class=\"elementor-image-box-description\">Gesundheitsf\u00f6rderung in Berufsschule & Lehrlingshaus \nStyria vitalis<br>\nTel.: 0316\/82 20 94-80<br>\nE-Mail: alexandra.veit-perko@styriavitalis.at   <br>\n<a href=\"https:\/\/styriavitalis.at\/beratung-begleitung\/lbs-und-lehrlingshaus\/\" target=\"_blank\">https:\/\/styriavitalis.at\/beratung-begleitung\/lbs-und-lehrlingshaus\/<\/a><\/p><\/div><\/div>\t\t\t\t<\/div>\n\t\t\t\t<\/div>\n\t\t\t\t<div class=\"elementor-element elementor-element-f2502b7 elementor-position-top ha-has-bg-overlay elementor-widget elementor-widget-image-box\" data-id=\"f2502b7\" data-element_type=\"widget\" data-widget_type=\"image-box.default\">\n\t\t\t\t<div class=\"elementor-widget-container\">\n\t\t\t\t\t<div class=\"elementor-image-box-wrapper\"><figure class=\"elementor-image-box-img\"><a href=\"https:\/\/schulpsychologenakademie.at\/arge-schulsupport\" target=\"_blank\" rel=\"nofollow\" tabindex=\"-1\"><img loading=\"lazy\" decoding=\"async\" width=\"70\" height=\"71\" src=\"https:\/\/schoolsforsense.eu\/wp-content\/uploads\/2024\/06\/g29.png\" class=\"attachment-full size-full wp-image-1342\" alt=\"\" srcset=\"https:\/\/schoolsforsense.eu\/wp-content\/uploads\/2024\/06\/g29.png 70w, https:\/\/schoolsforsense.eu\/wp-content\/uploads\/2024\/06\/g29-12x12.png 12w\" sizes=\"(max-width: 70px) 100vw, 70px\" \/><\/a><\/figure><div class=\"elementor-image-box-content\"><h3 class=\"elementor-image-box-title\"><a href=\"https:\/\/schulpsychologenakademie.at\/arge-schulsupport\" target=\"_blank\" rel=\"nofollow\">ARGE schul:support<\/a><\/h3><p class=\"elementor-image-box-description\">Unterst\u00fctzung der Gesundheit von Lehrer:innen <br>\nE-Mail: office@schulpsychologenakademie.at <br>\n<a href=\"https:\/\/schulpsychologenakademie.at\/arge-schulsupport\" target=\"_blank\">https:\/\/schulpsychologenakademie.at\/arge-schulsupport<\/a><br>\nAngebote: \n<ul>\n<li>Veranstaltungen mit Infos zu aktuellen Angeboten und Ressourcen der teilnehmenden Organisationen<\/li>\n<li>Entwicklung von Projekten und Interventionen zur F\u00f6rderung der Lehrer:innen-Gesundheit<\/li>\n<\/ul><\/p><\/div><\/div>\t\t\t\t<\/div>\n\t\t\t\t<\/div>\n\t\t\t\t<div class=\"elementor-element elementor-element-7c9c8e6 elementor-position-top ha-has-bg-overlay elementor-widget elementor-widget-image-box\" data-id=\"7c9c8e6\" data-element_type=\"widget\" data-widget_type=\"image-box.default\">\n\t\t\t\t<div class=\"elementor-widget-container\">\n\t\t\t\t\t<div class=\"elementor-image-box-wrapper\"><figure class=\"elementor-image-box-img\"><a href=\"https:\/\/bfp-stmk.at\" target=\"_blank\" rel=\"nofollow\" tabindex=\"-1\"><img loading=\"lazy\" decoding=\"async\" width=\"195\" height=\"121\" src=\"https:\/\/schoolsforsense.eu\/wp-content\/uploads\/2024\/06\/g30.png\" class=\"attachment-full size-full wp-image-1341\" alt=\"\" srcset=\"https:\/\/schoolsforsense.eu\/wp-content\/uploads\/2024\/06\/g30.png 195w, https:\/\/schoolsforsense.eu\/wp-content\/uploads\/2024\/06\/g30-18x12.png 18w\" sizes=\"(max-width: 195px) 100vw, 195px\" \/><\/a><\/figure><div class=\"elementor-image-box-content\"><h3 class=\"elementor-image-box-title\"><a href=\"https:\/\/bfp-stmk.at\" target=\"_blank\" rel=\"nofollow\">BfP \u2013 Beratung f\u00fcr P\u00e4dagog:innen Steiermark<\/a><\/h3><p class=\"elementor-image-box-description\">Johann-Fux-Gasse 13, 8010 Graz<br>\nBeratungsstellen auch in Hartberg, St. Margarethen an der Raab, Kirchberg an der Raab, Frauental an der La\u00dfnitz, Leoben, Knittelfeld, Seckau\/Judenburg<br>\nTel.: 0670\/5528187<br>\nMag.a Melanie Berner, MA<br>\nE-Mail: bfp@bfp-stmk.at <br>\n<a href=\"https:\/\/bfp-stmk.at\" target=\"_blank\">https:\/\/bfp-stmk.at<\/a><br> \nAngebote:\n<ul>\n<li>Beratung & Coaching<\/li>\n<li>Supervision<\/li>\n<li>Mediation \/ Moderation<\/li>\n<li>Begleitung bei Elterngespr\u00e4chen<\/li>\n<li>Klinisch-psychologische Behandlung<\/li>\n<li>Psychotherapie<\/li>\n<\/ul><\/p><\/div><\/div>\t\t\t\t<\/div>\n\t\t\t\t<\/div>\n\t\t\t\t\t<\/div>\n\t\t\t\t<\/div>\n\t\t\t\t<div class=\"elementor-element elementor-element-b6d1d97 elementor-widget elementor-widget-heading\" data-id=\"b6d1d97\" data-element_type=\"widget\" data-widget_type=\"heading.default\">\n\t\t\t\t<div class=\"elementor-widget-container\">\n\t\t\t\t\t<h3 class=\"elementor-heading-title elementor-size-default\">Tirol<\/h3>\t\t\t\t<\/div>\n\t\t\t\t<\/div>\n\t\t<div class=\"elementor-element elementor-element-b4789f2 e-grid e-con-boxed wpr-particle-no wpr-jarallax-no wpr-parallax-no wpr-sticky-section-no wpr-equal-height-no e-con e-child\" data-id=\"b4789f2\" data-element_type=\"container\" data-settings=\"{&quot;_ha_eqh_enable&quot;:false}\">\n\t\t\t\t\t<div class=\"e-con-inner\">\n\t\t\t\t<div class=\"elementor-element elementor-element-fa3befb elementor-position-top ha-has-bg-overlay elementor-widget elementor-widget-image-box\" data-id=\"fa3befb\" data-element_type=\"widget\" data-widget_type=\"image-box.default\">\n\t\t\t\t<div class=\"elementor-widget-container\">\n\t\t\t\t\t<div class=\"elementor-image-box-wrapper\"><figure class=\"elementor-image-box-img\"><a href=\"https:\/\/bildung-tirol.gv.at\/service\/schulpsychologie\" target=\"_blank\" rel=\"nofollow\" tabindex=\"-1\"><img loading=\"lazy\" decoding=\"async\" width=\"310\" height=\"51\" src=\"https:\/\/schoolsforsense.eu\/wp-content\/uploads\/2024\/06\/g31.png\" class=\"attachment-full size-full wp-image-1340\" alt=\"\" srcset=\"https:\/\/schoolsforsense.eu\/wp-content\/uploads\/2024\/06\/g31.png 310w, https:\/\/schoolsforsense.eu\/wp-content\/uploads\/2024\/06\/g31-300x49.png 300w, https:\/\/schoolsforsense.eu\/wp-content\/uploads\/2024\/06\/g31-18x3.png 18w\" sizes=\"(max-width: 310px) 100vw, 310px\" \/><\/a><\/figure><div class=\"elementor-image-box-content\"><h3 class=\"elementor-image-box-title\"><a href=\"https:\/\/bildung-tirol.gv.at\/service\/schulpsychologie\" target=\"_blank\" rel=\"nofollow\">Bildungsdirektion f\u00fcr Tirol\/Abteilung Schulpsychologie<\/a><\/h3><p class=\"elementor-image-box-description\">HR Dr. Brigitte Th\u00f6ny<br>\nS\u00fcdtiroler Platz 10\u201312\/5. Stock, 6020 Innsbruck<br>\nTel.: 0512\/9012-9260<br>\nE-Mail: schulpsy@tsn.at <br>\n<a href=\"https:\/\/bildung-tirol.gv.at\/service\/schulpsychologie\" target=\"_blank\">https:\/\/bildung-tirol.gv.at\/service\/schulpsychologie<\/a><\/p><\/div><\/div>\t\t\t\t<\/div>\n\t\t\t\t<\/div>\n\t\t\t\t<div class=\"elementor-element elementor-element-65f8fc5 elementor-position-top ha-has-bg-overlay elementor-widget elementor-widget-image-box\" data-id=\"65f8fc5\" data-element_type=\"widget\" data-widget_type=\"image-box.default\">\n\t\t\t\t<div class=\"elementor-widget-container\">\n\t\t\t\t\t<div class=\"elementor-image-box-wrapper\"><figure class=\"elementor-image-box-img\"><a href=\"https:\/\/ph-tirol.ac.at\/lehrerinnengesundheit\" target=\"_blank\" rel=\"nofollow\" tabindex=\"-1\"><img loading=\"lazy\" decoding=\"async\" width=\"192\" height=\"59\" src=\"https:\/\/schoolsforsense.eu\/wp-content\/uploads\/2024\/06\/g32.png\" class=\"attachment-full size-full wp-image-1339\" alt=\"\" srcset=\"https:\/\/schoolsforsense.eu\/wp-content\/uploads\/2024\/06\/g32.png 192w, https:\/\/schoolsforsense.eu\/wp-content\/uploads\/2024\/06\/g32-18x6.png 18w\" sizes=\"(max-width: 192px) 100vw, 192px\" \/><\/a><\/figure><div class=\"elementor-image-box-content\"><h3 class=\"elementor-image-box-title\"><a href=\"https:\/\/ph-tirol.ac.at\/lehrerinnengesundheit\" target=\"_blank\" rel=\"nofollow\">P\u00e4dagogische Hochschule <\/a><\/h3><p class=\"elementor-image-box-description\">Institut f\u00fcr Schulqualit\u00e4t und berufsbegleitende Professionalisierung<br>\nProjekt: Lehrer:innengesundheit <br>\nBirgit Streit<br>\nTel.: 0664\/8449042<br>\nE-Mail: birgit.streit@ph-tirol.ac.at <br>\n<a href=\"https:\/\/ph-tirol.ac.at\/lehrerinnengesundheit\" target=\"_blank\">https:\/\/ph-tirol.ac.at\/lehrerinnengesundheit<\/a><br>\nAngebote:\n<ul>\n<li>Analyse der pers\u00f6nlichen und schulischen Situation<\/li>\n<li>fachliche Begleitung durch externe Moderator:innen<\/li>\n<li>gesundheitsf\u00f6rdernde Ma\u00dfnahmen am Schulstandort<\/li>\n<\/ul><\/p><\/div><\/div>\t\t\t\t<\/div>\n\t\t\t\t<\/div>\n\t\t\t\t<div class=\"elementor-element elementor-element-7e3c0fc elementor-position-top ha-has-bg-overlay elementor-widget elementor-widget-image-box\" data-id=\"7e3c0fc\" data-element_type=\"widget\" data-widget_type=\"image-box.default\">\n\t\t\t\t<div class=\"elementor-widget-container\">\n\t\t\t\t\t<div class=\"elementor-image-box-wrapper\"><figure class=\"elementor-image-box-img\"><a href=\"https:\/\/www.gesundheitskasse.at\/cdscontent\/?contentid=10007.877745&#038;portal=oegkportal\" target=\"_blank\" rel=\"nofollow\" tabindex=\"-1\"><img loading=\"lazy\" decoding=\"async\" width=\"244\" height=\"84\" src=\"https:\/\/schoolsforsense.eu\/wp-content\/uploads\/2024\/06\/g33.png\" class=\"attachment-full size-full wp-image-1338\" alt=\"\" srcset=\"https:\/\/schoolsforsense.eu\/wp-content\/uploads\/2024\/06\/g33.png 244w, https:\/\/schoolsforsense.eu\/wp-content\/uploads\/2024\/06\/g33-18x6.png 18w\" sizes=\"(max-width: 244px) 100vw, 244px\" \/><\/a><\/figure><div class=\"elementor-image-box-content\"><h3 class=\"elementor-image-box-title\"><a href=\"https:\/\/www.gesundheitskasse.at\/cdscontent\/?contentid=10007.877745&#038;portal=oegkportal\" target=\"_blank\" rel=\"nofollow\">Servicestelle Gesunde Schule der \u00d6GK Tirol<\/a><\/h3><p class=\"elementor-image-box-description\">Senara Bergheim<br>\nTel.: 050766-181632<br>\nE-Mail: senara.bergheim@oegk.at <br>\n<a href=\"https:\/\/www.gesundheitskasse.at\/cdscontent\/?contentid=10007.877745&portal=oegkportal\" target=\"_blank\">https:\/\/www.gesundheitskasse.at\/cdscontent\/?contentid=10007.877745&portal=oegkportal<\/a><\/p><\/div><\/div>\t\t\t\t<\/div>\n\t\t\t\t<\/div>\n\t\t\t\t<div class=\"elementor-element elementor-element-fa7bddc elementor-position-top ha-has-bg-overlay elementor-widget elementor-widget-image-box\" data-id=\"fa7bddc\" data-element_type=\"widget\" data-widget_type=\"image-box.default\">\n\t\t\t\t<div class=\"elementor-widget-container\">\n\t\t\t\t\t<div class=\"elementor-image-box-wrapper\"><figure class=\"elementor-image-box-img\"><a href=\"https:\/\/gesundeschule.tsn.at\" target=\"_blank\" rel=\"nofollow\" tabindex=\"-1\"><img loading=\"lazy\" decoding=\"async\" width=\"102\" height=\"90\" src=\"https:\/\/schoolsforsense.eu\/wp-content\/uploads\/2024\/06\/g34.png\" class=\"attachment-full size-full wp-image-1337\" alt=\"\" srcset=\"https:\/\/schoolsforsense.eu\/wp-content\/uploads\/2024\/06\/g34.png 102w, https:\/\/schoolsforsense.eu\/wp-content\/uploads\/2024\/06\/g34-14x12.png 14w\" sizes=\"(max-width: 102px) 100vw, 102px\" \/><\/a><\/figure><div class=\"elementor-image-box-content\"><h3 class=\"elementor-image-box-title\"><a href=\"https:\/\/gesundeschule.tsn.at\" target=\"_blank\" rel=\"nofollow\">Gesunde Schule Tirol<\/a><\/h3><p class=\"elementor-image-box-description\">Eine Initiative der \u00d6GK Tirol, der PH Tirol, der Bildungsdirektion Tirol, der BVAEB Tirol und des Landes Tirol<br>\nMarina Sp\u00f6rr, BA<br>\nTel.: 050766-181634<br>\nE-Mail: marina.spoerr@oegk.at <br>\n<a href=\"https:\/\/gesundeschule.tsn.at\" target=\"_blank\">https:\/\/gesundeschule.tsn.at<\/a><\/p><\/div><\/div>\t\t\t\t<\/div>\n\t\t\t\t<\/div>\n\t\t\t\t\t<\/div>\n\t\t\t\t<\/div>\n\t\t\t\t<div class=\"elementor-element elementor-element-15edea4 elementor-widget elementor-widget-heading\" data-id=\"15edea4\" data-element_type=\"widget\" data-widget_type=\"heading.default\">\n\t\t\t\t<div class=\"elementor-widget-container\">\n\t\t\t\t\t<h3 class=\"elementor-heading-title elementor-size-default\">Vorarlberg<\/h3>\t\t\t\t<\/div>\n\t\t\t\t<\/div>\n\t\t<div class=\"elementor-element elementor-element-deb7f84 e-grid e-con-boxed wpr-particle-no wpr-jarallax-no wpr-parallax-no wpr-sticky-section-no wpr-equal-height-no e-con e-child\" data-id=\"deb7f84\" data-element_type=\"container\" data-settings=\"{&quot;_ha_eqh_enable&quot;:false}\">\n\t\t\t\t\t<div class=\"e-con-inner\">\n\t\t\t\t<div class=\"elementor-element elementor-element-b5a6fb0 elementor-position-top ha-has-bg-overlay elementor-widget elementor-widget-image-box\" data-id=\"b5a6fb0\" data-element_type=\"widget\" data-widget_type=\"image-box.default\">\n\t\t\t\t<div class=\"elementor-widget-container\">\n\t\t\t\t\t<div class=\"elementor-image-box-wrapper\"><figure class=\"elementor-image-box-img\"><a href=\"http:\/\/www.bildung-vbg.gv.at\/service\/schulpsychologie.html\" target=\"_blank\" rel=\"nofollow\" tabindex=\"-1\"><img loading=\"lazy\" decoding=\"async\" width=\"316\" height=\"74\" src=\"https:\/\/schoolsforsense.eu\/wp-content\/uploads\/2024\/06\/g35.png\" class=\"attachment-full size-full wp-image-1336\" alt=\"\" srcset=\"https:\/\/schoolsforsense.eu\/wp-content\/uploads\/2024\/06\/g35.png 316w, https:\/\/schoolsforsense.eu\/wp-content\/uploads\/2024\/06\/g35-300x70.png 300w, https:\/\/schoolsforsense.eu\/wp-content\/uploads\/2024\/06\/g35-18x4.png 18w\" sizes=\"(max-width: 316px) 100vw, 316px\" \/><\/a><\/figure><div class=\"elementor-image-box-content\"><h3 class=\"elementor-image-box-title\"><a href=\"http:\/\/www.bildung-vbg.gv.at\/service\/schulpsychologie.html\" target=\"_blank\" rel=\"nofollow\">Bildungsdirektion f\u00fcr Vorarlberg<\/a><\/h3><p class=\"elementor-image-box-description\">Abteilung Schulpsychologie<br>\nMMag. Sabine Ammann<br>\nBahnhofstr. 10, 6900 Bregenz<br>\nTel.: 05574\/4960-211<br>\nE-Mail: schulpsychologie@bildung-vbg.gv.at <br>\n<a href=\"www.bildung-vbg.gv.at\/service\/schulpsychologie.html\" target=\"_blank\">www.bildung-vbg.gv.at\/service\/schulpsychologie.html<\/a><\/p><\/div><\/div>\t\t\t\t<\/div>\n\t\t\t\t<\/div>\n\t\t\t\t\t<\/div>\n\t\t\t\t<\/div>\n\t\t\t\t<div class=\"elementor-element elementor-element-17e2261 elementor-widget elementor-widget-heading\" data-id=\"17e2261\" data-element_type=\"widget\" data-widget_type=\"heading.default\">\n\t\t\t\t<div class=\"elementor-widget-container\">\n\t\t\t\t\t<h3 class=\"elementor-heading-title elementor-size-default\">Wien<\/h3>\t\t\t\t<\/div>\n\t\t\t\t<\/div>\n\t\t<div class=\"elementor-element elementor-element-51b27e2 e-grid e-con-boxed wpr-particle-no wpr-jarallax-no wpr-parallax-no wpr-sticky-section-no wpr-equal-height-no e-con e-child\" data-id=\"51b27e2\" data-element_type=\"container\" data-settings=\"{&quot;_ha_eqh_enable&quot;:false}\">\n\t\t\t\t\t<div class=\"e-con-inner\">\n\t\t\t\t<div class=\"elementor-element elementor-element-32bb266 elementor-position-top ha-has-bg-overlay elementor-widget elementor-widget-image-box\" data-id=\"32bb266\" data-element_type=\"widget\" data-widget_type=\"image-box.default\">\n\t\t\t\t<div class=\"elementor-widget-container\">\n\t\t\t\t\t<div class=\"elementor-image-box-wrapper\"><figure class=\"elementor-image-box-img\"><a href=\"http:\/\/www.bildung-wien.gv.at\/service\/Schulpsychologie.html\" target=\"_blank\" rel=\"nofollow\" tabindex=\"-1\"><img loading=\"lazy\" decoding=\"async\" width=\"195\" height=\"130\" src=\"https:\/\/schoolsforsense.eu\/wp-content\/uploads\/2024\/06\/g36.png\" class=\"attachment-full size-full wp-image-1335\" alt=\"\" srcset=\"https:\/\/schoolsforsense.eu\/wp-content\/uploads\/2024\/06\/g36.png 195w, https:\/\/schoolsforsense.eu\/wp-content\/uploads\/2024\/06\/g36-18x12.png 18w\" sizes=\"(max-width: 195px) 100vw, 195px\" \/><\/a><\/figure><div class=\"elementor-image-box-content\"><h3 class=\"elementor-image-box-title\"><a href=\"http:\/\/www.bildung-wien.gv.at\/service\/Schulpsychologie.html\" target=\"_blank\" rel=\"nofollow\">Bildungsdirektion Wien\/Abteilung Schulpsychologie<\/a><\/h3><p class=\"elementor-image-box-description\">HR Mag. J\u00fcrgen Bell <br>\nWipplingerstr. 28, 1010 Wien<br>\nTel.: 01\/52525-77505<br>\nE-Mail: juergen.bell@bildung-wien.gv.at <br>\n<a href=\"www.bildung-wien.gv.at\/service\/Schulpsychologie.html\" target=\"_blank\">www.bildung-wien.gv.at\/service\/Schulpsychologie.html<\/a> <\/p><\/div><\/div>\t\t\t\t<\/div>\n\t\t\t\t<\/div>\n\t\t\t\t<div class=\"elementor-element elementor-element-ce902dc elementor-position-top ha-has-bg-overlay elementor-widget elementor-widget-image-box\" data-id=\"ce902dc\" data-element_type=\"widget\" data-widget_type=\"image-box.default\">\n\t\t\t\t<div class=\"elementor-widget-container\">\n\t\t\t\t\t<div class=\"elementor-image-box-wrapper\"><figure class=\"elementor-image-box-img\"><a href=\"https:\/\/www.gesundheitskasse.at\/cdscontent\/?contentid=10007.878108&#038;portal=oegkportal\" target=\"_blank\" rel=\"nofollow\" tabindex=\"-1\"><img loading=\"lazy\" decoding=\"async\" width=\"244\" height=\"84\" src=\"https:\/\/schoolsforsense.eu\/wp-content\/uploads\/2024\/06\/g37.png\" class=\"attachment-full size-full wp-image-1334\" alt=\"\" srcset=\"https:\/\/schoolsforsense.eu\/wp-content\/uploads\/2024\/06\/g37.png 244w, https:\/\/schoolsforsense.eu\/wp-content\/uploads\/2024\/06\/g37-18x6.png 18w\" sizes=\"(max-width: 244px) 100vw, 244px\" \/><\/a><\/figure><div class=\"elementor-image-box-content\"><h3 class=\"elementor-image-box-title\"><a href=\"https:\/\/www.gesundheitskasse.at\/cdscontent\/?contentid=10007.878108&#038;portal=oegkportal\" target=\"_blank\" rel=\"nofollow\">Servicestelle Gesunde Schule der \u00d6GK Wien<\/a><\/h3><p class=\"elementor-image-box-description\">Mag. Michael Hahn<br>\nTel.: 050766-112732<br>\nE-Mail: schule-11@oegk.at <br>\n<a href=\"https:\/\/www.gesundheitskasse.at\/cdscontent\/?contentid=10007.878108&portal=oegkportal\" target=\"_blank\">https:\/\/www.gesundheitskasse.at\/cdscontent\/?contentid=10007.878108&portal=oegkportal<\/a><\/p><\/div><\/div>\t\t\t\t<\/div>\n\t\t\t\t<\/div>\n\t\t\t\t<div class=\"elementor-element elementor-element-ca1b16e elementor-position-top ha-has-bg-overlay elementor-widget elementor-widget-image-box\" data-id=\"ca1b16e\" data-element_type=\"widget\" data-widget_type=\"image-box.default\">\n\t\t\t\t<div class=\"elementor-widget-container\">\n\t\t\t\t\t<div class=\"elementor-image-box-wrapper\"><figure class=\"elementor-image-box-img\"><a href=\"http:\/\/www.wiengs.at\" target=\"_blank\" rel=\"nofollow\" tabindex=\"-1\"><img loading=\"lazy\" decoding=\"async\" width=\"217\" height=\"66\" src=\"https:\/\/schoolsforsense.eu\/wp-content\/uploads\/2024\/06\/g38.png\" class=\"attachment-full size-full wp-image-1333\" alt=\"\" srcset=\"https:\/\/schoolsforsense.eu\/wp-content\/uploads\/2024\/06\/g38.png 217w, https:\/\/schoolsforsense.eu\/wp-content\/uploads\/2024\/06\/g38-18x5.png 18w\" sizes=\"(max-width: 217px) 100vw, 217px\" \/><\/a><\/figure><div class=\"elementor-image-box-content\"><h3 class=\"elementor-image-box-title\"><a href=\"http:\/\/www.wiengs.at\" target=\"_blank\" rel=\"nofollow\">WieNGS \u2013 Wiener Netzwerk gesundheitsf\u00f6rdernde Schulen<\/a><\/h3><p class=\"elementor-image-box-description\">Eine Initiative der PH Wien, der Bildungsdirektion Wien, der \u00d6GK Wien und der WiG \u2013 Wiener Gesundheitsf\u00f6rderung\nMag. Verena Gratzer, BEd.<br>\nTel.: 01\/60118-3305<br>\nE-Mail: verena.gratzer@phwien.ac.at <br>\n<a href=\"www.wiengs.at\" target=\"_blank\">www.wiengs.at<\/a><\/p><\/div><\/div>\t\t\t\t<\/div>\n\t\t\t\t<\/div>\n\t\t\t\t<div class=\"elementor-element elementor-element-9ae8566 elementor-position-top ha-has-bg-overlay elementor-widget elementor-widget-image-box\" data-id=\"9ae8566\" data-element_type=\"widget\" data-widget_type=\"image-box.default\">\n\t\t\t\t<div class=\"elementor-widget-container\">\n\t\t\t\t\t<div class=\"elementor-image-box-wrapper\"><figure class=\"elementor-image-box-img\"><img loading=\"lazy\" decoding=\"async\" width=\"294\" height=\"51\" src=\"https:\/\/schoolsforsense.eu\/wp-content\/uploads\/2024\/06\/g39.png\" class=\"attachment-full size-full wp-image-1332\" alt=\"\" srcset=\"https:\/\/schoolsforsense.eu\/wp-content\/uploads\/2024\/06\/g39.png 294w, https:\/\/schoolsforsense.eu\/wp-content\/uploads\/2024\/06\/g39-18x3.png 18w\" sizes=\"(max-width: 294px) 100vw, 294px\" \/><\/figure><div class=\"elementor-image-box-content\"><h3 class=\"elementor-image-box-title\">Hilfe f\u00fcr Kinder und Jugendliche - Sorgenhotline Wien<\/h3><p class=\"elementor-image-box-description\">Sorgenhotline Wien<br>\nPsychosozialer Dienst Wien<br>\nKostenloses psychosoziales Erstangebot<br>\nTel.: 01\/4000 53000<\/p><\/div><\/div>\t\t\t\t<\/div>\n\t\t\t\t<\/div>\n\t\t\t\t<div class=\"elementor-element elementor-element-21f48af elementor-position-top ha-has-bg-overlay elementor-widget elementor-widget-image-box\" data-id=\"21f48af\" data-element_type=\"widget\" data-widget_type=\"image-box.default\">\n\t\t\t\t<div class=\"elementor-widget-container\">\n\t\t\t\t\t<div class=\"elementor-image-box-wrapper\"><figure class=\"elementor-image-box-img\"><a href=\"http:\/\/www.die-boje.at\" target=\"_blank\" rel=\"nofollow\" tabindex=\"-1\"><img loading=\"lazy\" decoding=\"async\" width=\"248\" height=\"56\" src=\"https:\/\/schoolsforsense.eu\/wp-content\/uploads\/2024\/06\/g40.png\" class=\"attachment-full size-full wp-image-1331\" alt=\"\" srcset=\"https:\/\/schoolsforsense.eu\/wp-content\/uploads\/2024\/06\/g40.png 248w, https:\/\/schoolsforsense.eu\/wp-content\/uploads\/2024\/06\/g40-18x4.png 18w\" sizes=\"(max-width: 248px) 100vw, 248px\" \/><\/a><\/figure><div class=\"elementor-image-box-content\"><h3 class=\"elementor-image-box-title\"><a href=\"http:\/\/www.die-boje.at\" target=\"_blank\" rel=\"nofollow\">die Boje<\/a><\/h3><p class=\"elementor-image-box-description\">Akuthilfe f\u00fcr Kinder und Jugendliche bis 18 Jahre in Krisensituationen<br>\nTel.: 01\/406 66 02<br>\nE-Mail: ambulatorium.die-boje.at <br>\n<a href=\"www.die-boje.at\" target=\"_blank\">www.die-boje.at<\/a><\/p><\/div><\/div>\t\t\t\t<\/div>\n\t\t\t\t<\/div>\n\t\t\t\t\t<\/div>\n\t\t\t\t<\/div>\n\t\t\t\t\t<\/div>\n\t\t\t\t<\/div>\n\t\t\t\t<\/div>\n\t\t","protected":false},"excerpt":{"rendered":"<p>Finding help &amp; support First of all, a teacher should notice if there are significant and lasting changes in the pupil\u2019s behavior. Changes in behavior might signal a need for intervention, but not all changes mean that the pupil needs support or help. Thus, when a teacher notices a significant and lasting change in the pupil\u2019s behavior, they should try to decide if the situation might be dangerous for the pupil. If the situation is currently dangerous, the teacher should immediately send for help and call the medical emergency team. It is important to ensure that the pupil is not left on their own. If the situation is not currently dangerous but the threat of danger is still there, the teacher should inform parents and specialists (e.g., child protection services) of the situation. If the situation is not such that the pupil is in danger, the teacher should talk to the pupil. They should find a suitable time and place for a quiet, undisturbed chat. The teacher should describe what they have noticed and why they are concerned. Tact and kindness should be used, as the topic might be difficult for the pupil to discuss. The teacher can also assure the pupil that they will respecting the privacy and confidentiality of the pupil and their family. Even if the pupil decides to keep to themselves, they need to know that they have been noticed, that they are cared for, and that there is a trustworthy adult who is willing to listen. If it turns out that the pupil is in need of support services, the teacher could discuss with a knowledgeable colleague what kind of opportunities are available in school or outside of school to make the possibilities known to the pupil and the parents. During these discussions, it is important to respect the privacy and confidentiality of the pupil and their family. The teacher should inform the parents in a way that makes it clear that the goal is to cooperate in order to provide support and help to the pupil. As with talking to the pupil, the teacher should describe what they have noticed and why they are concerned. Tact and kindness should be used, as the topic might be difficult for the parents to discuss. It would be advisable to conclude the discussion with an agreement on what can be done right away to support and help the pupil. This kind of discussions could be difficult for both the teacher and the parents. To make these easier it would be of use if the teacher has started to form a cooperative and trusting relationship with the parents beforehand. Respecting the privacy and confidentiality of the pupil and the family can be assured in a trusting relationship. A cooperative and trusting relationship makes it easier for the parents to accept the information the teacher shares with them. Also, it makes it easier for the parents to share information about their child that could help the teacher to provide more appropriate learning environment for the student. Jugendliche, die mit psychischen Schwierigkeiten belastet sind, k\u00f6nnen sich an verschiedene Stellen wenden. Zun\u00e4chst ist wichtig, dass Jugendliche wissen, dass sie nicht alleine sind und dass es Unterst\u00fctzung gibt, auf die sie sich verlassen k\u00f6nnen. Es ist mutig, sich Hilfe zu suchen, und es gibt professionelle Unterst\u00fctzung, um Jugendlichen dabei zu helfen, mit psychischen Schwierigkeiten umzugehen. 1. Schulpsycholog:innen oder Schulsozialarbeiter:innen Viele Schulen haben Psycholog:innen oder Sozialarbeiter:innen, die Sch\u00fcler:innen und P\u00e4dagog:innen bei ihren Anliegen helfen k\u00f6nnen. Sie k\u00f6nnen Gespr\u00e4che f\u00fchren, Ressourcen bereitstellen und bei Bedarf Empfehlungen f\u00fcr weitere Unterst\u00fctzung geben. 2. Kinder- und Jugendpsychotherapeut:innen Psychotherapeut:innen, die auf die Arbeit mit Kindern und Jugendlichen spezialisiert sind, k\u00f6nnen Gespr\u00e4chstherapie und andere Behandlungen anbieten, um mit psychischen Problemen umzugehen. Eine \u00dcberweisung durch den Hausarzt oder die Krankenkasse kann erforderlich sein. 3. Jugendberatungsstellen Es gibt Beratungsstellen, die speziell auf die Bed\u00fcrfnisse von Jugendlichen zugeschnitten sind. Dort k\u00f6nnen Jugendliche vertrauliche Gespr\u00e4che f\u00fchren und Unterst\u00fctzung bei verschiedenen Problemen erhalten, darunter auch psychische Gesundheit. Die Jugendberatungsstelle ist meist auffindbar auf der Webseite der jeweiligen Stadt. 4. Bundes Psychotherapeuten Kammer Die Brosch\u00fcre \u201eWege zur Psychotherapie\u201c der Bundes Psychotherapeuten Kammer enth\u00e4lt grundlegende Informationen zu professionellen Hilfen bei psychischer Erkrankung. https:\/\/www.bptk.de\/pressemitteilungen\/bptk-patienteninformation-wege-zur-psychotherapie\/ https:\/\/www.bptk.de\/pressemitteilungen\/bptk-patienteninformation-wege-zur-psychotherapie\/ Es gibt zahlreiche Online-Plattformen und Hotlines, die Jugendlichen bei psychischen Problemen Unterst\u00fctzung bieten. Dazu geh\u00f6ren Websites mit Informationen und Ratschl\u00e4gen sowie anonyme Chat-Dienste oder Telefonhotlines, bei denen Jugendliche mit geschulten Fachleuten sprechen k\u00f6nnen. 1. Nummer gegen Kummer Dies ist eine deutsche Online-Beratungsstelle und Hotline f\u00fcr Kinder und Jugendliche, die sich in belastenden Situationen befinden oder \u00fcber pers\u00f6nliche Probleme sprechen m\u00f6chten. Sie bieten auch einen Chat und eine E-Mail-Beratung an. Kinder- und Jugendtelefon: montags bis samstags von 14-20 Uhr unter folgender Nummer: 116111 2. Jugendnotmail Diese Website erm\u00f6glicht es Jugendlichen, anonym und vertraulich per E-Mail \u00fcber ihre Probleme zu sprechen. Geschulte Fachkr\u00e4fte antworten innerhalb von 48 Stunden. 3. Schulpsychologie.de Diese Plattform bietet Informationen und Ressourcen f\u00fcr Jugendliche, Eltern und Lehrer zu verschiedenen Themen im Zusammenhang mit psychischer Gesundheit und Schule. 4. bke-Jugendberatung Die Bundeskonferenz f\u00fcr Erziehungsberatung bietet Online-Beratung f\u00fcr Jugendliche zu verschiedenen Themen wie Familie, Schule, Freundschaften und psychischer Gesundheit. 5. MindZone Diese Website richtet sich speziell an Jugendliche und junge Erwachsene und bietet Informationen und Ressourcen zu psychischen Gesundheitsproblemen, Stressbew\u00e4ltigung, Selbstf\u00fcrsorge und anderen relevanten Themen. 6. Ich bin alles Das Projekt &#8220;Ich bin alles&#8221; ist eine Initiative, die darauf abzielt, das Bewusstsein f\u00fcr psychische Gesundheit, vor allem Depressionen, zu f\u00f6rdern und die Stigmatisierung von Menschen mit psychischen Erkrankungen zu bek\u00e4mpfen. 7. Between the lines Das Projekt \u201cBetween the lines\u201c ist eine kostenlose und werbefreie App, welche validierte Informationen \u00fcber psychische Gesundheit enth\u00e4lt, sowie auch Informationen \u00fcber Anlaufstellen. \u00d6sterreich Alle Bundesl\u00e4nder Schulpsychologie \u2013 Bildungsberatung Die Schulpsychologie-Bildungsberatung steht als eine in das Schulsystem integrierte psychosoziale Einrichtung Sch\u00fcler:innen, Lehrer:innen, Eltern und Erziehungsberechtigten zur Verf\u00fcgung. Zu den Hauptaufgaben z\u00e4hlen: psychologische Beratung und Behandlung psychologische Gutachter- und Sachverst\u00e4ndigent\u00e4tigkeit systemorientierte psychologische Unterst\u00fctzung von Schulen Unterst\u00fctzung von Schulen beim Krisenmanagement Beitr\u00e4ge zur Kompetenzsteigerung von Lehrenden Information der Schulpartner Abteilung I\/7 \u2013 Schulpsychologie, psychosoziale Unterst\u00fctzung und schul\u00e4rztlicher Dienst, Bildungs-<\/p>","protected":false},"author":3,"featured_media":0,"parent":0,"menu_order":0,"comment_status":"closed","ping_status":"closed","template":"","meta":{"site-sidebar-layout":"no-sidebar","site-content-layout":"","ast-site-content-layout":"full-width-container","site-content-style":"default","site-sidebar-style":"default","ast-global-header-display":"","ast-banner-title-visibility":"","ast-main-header-display":"","ast-hfb-above-header-display":"","ast-hfb-below-header-display":"","ast-hfb-mobile-header-display":"","site-post-title":"disabled","ast-breadcrumbs-content":"","ast-featured-img":"disabled","footer-sml-layout":"","theme-transparent-header-meta":"","adv-header-id-meta":"","stick-header-meta":"","header-above-stick-meta":"","header-main-stick-meta":"","header-below-stick-meta":"","astra-migrate-meta-layouts":"default","ast-page-background-enabled":"default","ast-page-background-meta":{"desktop":{"background-color":"var(--ast-global-color-4)","background-image":"","background-repeat":"repeat","background-position":"center center","background-size":"auto","background-attachment":"scroll","background-type":"","background-media":"","overlay-type":"","overlay-color":"","overlay-opacity":"","overlay-gradient":""},"tablet":{"background-color":"","background-image":"","background-repeat":"repeat","background-position":"center center","background-size":"auto","background-attachment":"scroll","background-type":"","background-media":"","overlay-type":"","overlay-color":"","overlay-opacity":"","overlay-gradient":""},"mobile":{"background-color":"","background-image":"","background-repeat":"repeat","background-position":"center center","background-size":"auto","background-attachment":"scroll","background-type":"","background-media":"","overlay-type":"","overlay-color":"","overlay-opacity":"","overlay-gradient":""}},"ast-content-background-meta":{"desktop":{"background-color":"var(--ast-global-color-5)","background-image":"","background-repeat":"repeat","background-position":"center center","background-size":"auto","background-attachment":"scroll","background-type":"","background-media":"","overlay-type":"","overlay-color":"","overlay-opacity":"","overlay-gradient":""},"tablet":{"background-color":"var(--ast-global-color-5)","background-image":"","background-repeat":"repeat","background-position":"center center","background-size":"auto","background-attachment":"scroll","background-type":"","background-media":"","overlay-type":"","overlay-color":"","overlay-opacity":"","overlay-gradient":""},"mobile":{"background-color":"var(--ast-global-color-5)","background-image":"","background-repeat":"repeat","background-position":"center center","background-size":"auto","background-attachment":"scroll","background-type":"","background-media":"","overlay-type":"","overlay-color":"","overlay-opacity":"","overlay-gradient":""}},"footnotes":""},"class_list":["post-616","page","type-page","status-publish","hentry"],"_links":{"self":[{"href":"https:\/\/schoolsforsense.eu\/de\/wp-json\/wp\/v2\/pages\/616","targetHints":{"allow":["GET"]}}],"collection":[{"href":"https:\/\/schoolsforsense.eu\/de\/wp-json\/wp\/v2\/pages"}],"about":[{"href":"https:\/\/schoolsforsense.eu\/de\/wp-json\/wp\/v2\/types\/page"}],"author":[{"embeddable":true,"href":"https:\/\/schoolsforsense.eu\/de\/wp-json\/wp\/v2\/users\/3"}],"replies":[{"embeddable":true,"href":"https:\/\/schoolsforsense.eu\/de\/wp-json\/wp\/v2\/comments?post=616"}],"version-history":[{"count":331,"href":"https:\/\/schoolsforsense.eu\/de\/wp-json\/wp\/v2\/pages\/616\/revisions"}],"predecessor-version":[{"id":2480,"href":"https:\/\/schoolsforsense.eu\/de\/wp-json\/wp\/v2\/pages\/616\/revisions\/2480"}],"wp:attachment":[{"href":"https:\/\/schoolsforsense.eu\/de\/wp-json\/wp\/v2\/media?parent=616"}],"curies":[{"name":"wp","href":"https:\/\/api.w.org\/{rel}","templated":true}]}}